{"id":11409,"date":"2021-09-06T14:27:18","date_gmt":"2021-09-06T14:27:18","guid":{"rendered":"http:\/\/www.hotel-kimen.com\/?page_id=11409"},"modified":"2026-01-23T10:01:14","modified_gmt":"2026-01-23T10:01:14","slug":"hotel-kimen","status":"publish","type":"page","link":"https:\/\/www.hotel-kimen.com\/it\/hotel-kimen\/","title":{"rendered":"Hotel Kimen"},"content":{"rendered":"<p>[et_pb_section fb_built=&#8221;1&#8243; admin_label=&#8221;Hero image&#8221; _builder_version=&#8221;4.16&#8243; _module_preset=&#8221;default&#8221; background_image=&#8221;https:\/\/www.hotel-kimen.com\/wp-content\/uploads\/2021\/12\/Hotel-Kimen-Cres.jpg&#8221; min_height=&#8221;800px&#8221; min_height_tablet=&#8221;&#8221; min_height_phone=&#8221;600px&#8221; min_height_last_edited=&#8221;on|phone&#8221; max_height=&#8221;800px&#8221; max_height_tablet=&#8221;&#8221; max_height_phone=&#8221;&#8221; max_height_last_edited=&#8221;on|phone&#8221; top_divider_color=&#8221;#e02b20&#8243; bottom_divider_style=&#8221;waves2&#8243; bottom_divider_color=&#8221;#f6f6f3&#8243; bottom_divider_style_tablet=&#8221;&#8221; bottom_divider_style_phone=&#8221;wave2&#8243; bottom_divider_style_last_edited=&#8221;on|phone&#8221; bottom_divider_height_tablet=&#8221;&#8221; bottom_divider_height_phone=&#8221;50px&#8221; bottom_divider_height_last_edited=&#8221;on|phone&#8221; collapsed=&#8221;on&#8221; global_colors_info=&#8221;{}&#8221;][\/et_pb_section][et_pb_section fb_built=&#8221;1&#8243; admin_label=&#8221;Hotel Kimen&#8221; _builder_version=&#8221;4.16&#8243; _module_preset=&#8221;default&#8221; background_color=&#8221;rgba(0,0,0,0)&#8221; custom_margin=&#8221;-350px||50px||false|false&#8221; custom_margin_tablet=&#8221;&#8221; custom_margin_phone=&#8221;-250px||50px||false|false&#8221; custom_margin_last_edited=&#8221;on|phone&#8221; custom_padding=&#8221;0px||0px||false|false&#8221; collapsed=&#8221;on&#8221; global_colors_info=&#8221;{}&#8221;][et_pb_row admin_label=&#8221;Naslov Hotel Kimen&#8221; _builder_version=&#8221;4.16&#8243; _module_preset=&#8221;default&#8221; width_tablet=&#8221;&#8221; width_phone=&#8221;90%&#8221; width_last_edited=&#8221;on|phone&#8221; custom_margin=&#8221;0px||||false|false&#8221; custom_padding=&#8221;0px|4vw||4vw|false|false&#8221; collapsed=&#8221;on&#8221; global_colors_info=&#8221;{}&#8221;][et_pb_column type=&#8221;4_4&#8243; _builder_version=&#8221;4.16&#8243; _module_preset=&#8221;default&#8221; global_colors_info=&#8221;{}&#8221;][et_pb_text _builder_version=&#8221;4.16&#8243; _module_preset=&#8221;default&#8221; text_line_height=&#8221;1.5em&#8221; header_font=&#8221;|300|||||||&#8221; header_text_align=&#8221;left&#8221; header_text_color=&#8221;#f6f6f3&#8243; header_font_size=&#8221;91px&#8221; background_layout=&#8221;dark&#8221; custom_margin=&#8221;||||false|false&#8221; header_font_size_tablet=&#8221;&#8221; header_font_size_phone=&#8221;3.5em&#8221; header_font_size_last_edited=&#8221;on|phone&#8221; header_6_font_tablet=&#8221;&#8221; header_6_font_phone=&#8221;|600|||||||&#8221; header_6_font_last_edited=&#8221;on|phone&#8221; header_6_font_size_tablet=&#8221;&#8221; header_6_font_size_phone=&#8221;1em&#8221; header_6_font_size_last_edited=&#8221;on|phone&#8221; locked=&#8221;off&#8221; global_colors_info=&#8221;{}&#8221;]<\/p>\n<h1>Hotel Kimen<\/h1>\n<h6>VIVETE LA CULTURA MILLENARIA DI CHERSO MENTRE VI GODETE TUTTI I VANTAGGI DELL\u2019ET\u00c0 MODERNA<\/h6>\n<p>[\/et_pb_text][\/et_pb_column][\/et_pb_row][et_pb_row column_structure=&#8221;2_3,1_3&#8243; use_custom_gutter=&#8221;on&#8221; gutter_width=&#8221;4&#8243; custom_padding_last_edited=&#8221;on|phone&#8221; admin_label=&#8221;Opis&#8221; _builder_version=&#8221;4.25.1&#8243; _module_preset=&#8221;default&#8221; background_color=&#8221;#f6f6f3&#8243; z_index=&#8221;99&#8243; width_tablet=&#8221;&#8221; width_phone=&#8221;90%&#8221; width_last_edited=&#8221;on|phone&#8221; custom_margin=&#8221;||||false|false&#8221; custom_padding=&#8221;3vw|4vw||4vw|false|false&#8221; custom_padding_tablet=&#8221;&#8221; custom_padding_phone=&#8221;25px|25px|25px|25px|true|true&#8221; box_shadow_style=&#8221;preset1&#8243; box_shadow_vertical=&#8221;-25px&#8221; box_shadow_spread=&#8221;-10px&#8221; collapsed=&#8221;off&#8221; global_colors_info=&#8221;{}&#8221;][et_pb_column type=&#8221;2_3&#8243; _builder_version=&#8221;4.16&#8243; _module_preset=&#8221;default&#8221; global_colors_info=&#8221;{}&#8221;][et_pb_text _builder_version=&#8221;4.24.2&#8243; _module_preset=&#8221;default&#8221; text_font=&#8221;||||||||&#8221; text_letter_spacing=&#8221;0.03em&#8221; custom_margin=&#8221;||50px||false|false&#8221; dsm_modules_readmore=&#8221;on&#8221; dsm_modules_readmore_height=&#8221;400px&#8221; dsm_modules_readmore_more_link_text=&#8221;DI PI\u00d9&#8221; dsm_modules_readmore_less_link_text=&#8221;MENO&#8221; dsm_modules_readmore_font=&#8221;|700|||||||&#8221; dsm_modules_readmore_text_align=&#8221;center&#8221; dsm_modules_readmore_font_size=&#8221;12px&#8221; dsm_modules_readmore_link_color=&#8221;gcid-15be7f10-44fe-47d7-8b6a-63cddb76816b&#8221; dsm_modules_readmore_link_custom_css=&#8221;margin-top: 25px;&#8221; global_colors_info=&#8221;{%22gcid-15be7f10-44fe-47d7-8b6a-63cddb76816b%22:%91%22dsm_modules_readmore_link_color%22%93}&#8221;]L\u2019offerta dell\u2019Hotel Kimen \u00e8 stata ispirata dalla gente, dalla storia, dalla terra e dai fondali dell\u2019isola di Cherso (Cres). Gli spazi comuni, cos\u00ec come le 128 camere dell\u2019Hotel Kimen, raccontano la storia delle tradizioni di quest\u2019isola pittoresca. Tutte le camere dispongono di balcone dal quale si apre una vista rilassante e sono situate sul lato del mare o sul lato del parco. Ogni camera dispone inoltre di bagno, climatizzatore, telefono, TV satellitare e minibar. Anche i vostri animali da compagnia sono i benvenuti in questo viaggio e soggiorno rivitalizzante in hotel.<\/p>\n<p>Negli ultimi tempi avete osservato il cielo con la mente vuota, provando un senso di ammirazione e rispetto verso la natura e lasciando che la prevedibilit\u00e0 e la bellezza dei suoi processi facciano sparire quel senso di incertezza e preoccupazione che forse vi inquieta? Unitevi a noi ad almeno una delle numerose gite e lasciate che la magia dell\u2019isola vi lasci senza fiato.<\/p>\n<p>Se l\u2019ambiente circostante dovesse ispirarvi a cimentarvi con delle attivit\u00e0 pi\u00f9 dinamiche, avrete a disposizione i nostri partner esperti, i quali vi offriranno un ricco ventaglio di attivit\u00e0 appositamente ideate per farvi scoprire Cherso (Cres) con tutti i vostri sensi e dalle prospettive pi\u00f9 disparate. Dal kayak alle immersioni, passando per le escursioni attraverso le location storiche dell\u2019isola, nella nostra offerta troverete certamente qualcosa che sia di vostro gusto.<\/p>\n<p>Vi interessa che cosa si nasconde dietro l\u2019offerta gastronomica dell\u2019Hotel Kimen? Permetteteci di chiedervi: sapete chi produce il cibo che mangiate, chi lo lavora e in quale modo? Quand\u2019\u00e8 stata l\u2019ultima volta che avete assaggiato un pomodoro che dall\u2019orto \u00e8 giunto alla vostra tavola in non pi\u00f9 di 24 ore?<\/p>\n<p>Potete contare sul fatto che il nostro team sceglier\u00e0 in ogni momento i migliori ingredienti disponibili e vi informer\u00e0 in maniera trasparente circa la loro provenienza. Prepariamo i nostri piatti con la stessa dedizione con la quale li preparavano le nostre nonne per le loro famiglie molto tempo fa, quando gli ingredienti non erano sempre disponibili come lo sono oggi.<br \/>\n[\/et_pb_text][\/et_pb_column][et_pb_column type=&#8221;1_3&#8243; _builder_version=&#8221;4.25.1&#8243; _module_preset=&#8221;default&#8221; background_color=&#8221;#FFFFFF&#8221; custom_padding=&#8221;20px|20px|20px|20px|true|true&#8221; global_colors_info=&#8221;{}&#8221;][et_pb_text _builder_version=&#8221;4.25.1&#8243; _module_preset=&#8221;default&#8221; text_font=&#8221;|700||on|||||&#8221; text_text_color=&#8221;gcid-8e1839f3-589a-4047-9327-56da17671271&#8243; text_letter_spacing=&#8221;0.03em&#8221; text_line_height=&#8221;1.4em&#8221; custom_margin=&#8221;||17px|||&#8221; global_colors_info=&#8221;{%22gcid-8e1839f3-589a-4047-9327-56da17671271%22:%91%22text_text_color%22%93}&#8221;]CAPACIT\u00c0 COMPLESSIVA DELL\u2019HOTEL:<br \/>\n[\/et_pb_text][et_pb_text _builder_version=&#8221;4.25.1&#8243; _module_preset=&#8221;default&#8221; ul_font_size=&#8221;0.9rem&#8221; ul_line_height=&#8221;1.6em&#8221; custom_margin=&#8221;0px||0px||false|false&#8221; custom_padding=&#8221;0px||0px||false|false&#8221; global_colors_info=&#8221;{}&#8221;]<\/p>\n<ul>\n<li>128 camere totali con balcone<\/li>\n<li>6 camere singole verso mare<\/li>\n<li>116 camere doppie:\n<ul>\n<li>verso parco o verso mare<\/li>\n<li>17 camere con la possibilit\u00e0 di 2 letti separati<\/li>\n<li>Tutte le camere doppie hanno la possibilit\u00e0 di letto aggiunto<\/li>\n<\/ul>\n<\/li>\n<li>2 suites<\/li>\n<li>3 camere adatte per persone disabili<\/li>\n<li>7 camere per famiglie<\/li>\n<\/ul>\n<p>[\/et_pb_text][\/et_pb_column][\/et_pb_row][\/et_pb_section][et_pb_section fb_built=&#8221;1&#8243; fullwidth=&#8221;on&#8221; admin_label=&#8221;Jednokrevetna soba galerija&#8221; _builder_version=&#8221;4.16&#8243; _module_preset=&#8221;default&#8221; collapsed=&#8221;on&#8221; global_colors_info=&#8221;{}&#8221;][et_pb_fullwidth_slider arrows_custom_color=&#8221;#f6f6f3&#8243; dot_nav_custom_color=&#8221;#0670b0&#8243; _builder_version=&#8221;4.16&#8243; _module_preset=&#8221;default&#8221; min_height=&#8221;800px&#8221; min_height_tablet=&#8221;&#8221; min_height_phone=&#8221;395px&#8221; min_height_last_edited=&#8221;on|phone&#8221; auto=&#8221;on&#8221; auto_speed=&#8221;5000&#8243; global_colors_info=&#8221;{}&#8221; arrows_custom_color__hover_enabled=&#8221;on|hover&#8221; arrows_custom_color__hover=&#8221;#0670b0&#8243;][et_pb_slide _builder_version=&#8221;4.16&#8243; _module_preset=&#8221;default&#8221; background_image=&#8221;https:\/\/www.hotel-kimen.com\/wp-content\/uploads\/2021\/03\/Jednokrevetna-soba-Hotel-Kimen-Cres.jpg&#8221; background_enable_image=&#8221;on&#8221; global_colors_info=&#8221;{}&#8221; sticky_transition=&#8221;on&#8221;][\/et_pb_slide][et_pb_slide _builder_version=&#8221;4.16&#8243; _module_preset=&#8221;default&#8221; background_image=&#8221;https:\/\/www.hotel-kimen.com\/wp-content\/uploads\/2021\/03\/Jednokrevetna-soba-kupaonica-Hotel-Kimen-Cres.jpg&#8221; background_enable_image=&#8221;on&#8221; global_colors_info=&#8221;{}&#8221; sticky_transition=&#8221;on&#8221;][\/et_pb_slide][\/et_pb_fullwidth_slider][\/et_pb_section][et_pb_section fb_built=&#8221;1&#8243; admin_label=&#8221;Jednokrevetna soba&#8221; _builder_version=&#8221;4.16&#8243; _module_preset=&#8221;default&#8221; background_color=&#8221;rgba(0,0,0,0)&#8221; collapsed=&#8221;off&#8221; global_colors_info=&#8221;{}&#8221;][et_pb_row use_custom_gutter=&#8221;on&#8221; gutter_width=&#8221;4&#8243; make_equal=&#8221;on&#8221; custom_padding_last_edited=&#8221;on|phone&#8221; _builder_version=&#8221;4.16&#8243; _module_preset=&#8221;default&#8221; background_color=&#8221;rgba(0,0,0,0)&#8221; z_index=&#8221;100&#8243; width_tablet=&#8221;&#8221; width_phone=&#8221;90%&#8221; width_last_edited=&#8221;on|phone&#8221; custom_margin=&#8221;-350px||||false|false&#8221; custom_margin_tablet=&#8221;&#8221; custom_margin_phone=&#8221;-200px||||false|false&#8221; custom_margin_last_edited=&#8221;on|phone&#8221; custom_padding=&#8221;2vw|4vw|2vw|4vw|false|false&#8221; custom_padding_tablet=&#8221;&#8221; custom_padding_phone=&#8221;0vw|0vw|0vw|0vw|true|true&#8221; custom_css_main_element=&#8221;align-items: center;&#8221; collapsed=&#8221;on&#8221; global_colors_info=&#8221;{}&#8221; width__hover_enabled=&#8221;off|desktop&#8221;][et_pb_column type=&#8221;4_4&#8243; _builder_version=&#8221;4.16&#8243; _module_preset=&#8221;default&#8221; global_colors_info=&#8221;{}&#8221;][et_pb_text admin_label=&#8221;Naslov&#8221; _builder_version=&#8221;4.16&#8243; _module_preset=&#8221;default&#8221; header_font=&#8221;|300|||||||&#8221; header_text_color=&#8221;#f6f6f3&#8243; header_2_font=&#8221;|300|||||||&#8221; header_2_text_color=&#8221;#f6f6f3&#8243; header_2_font_size=&#8221;61px&#8221; header_2_font_size_tablet=&#8221;&#8221; header_2_font_size_phone=&#8221;3em&#8221; header_2_font_size_last_edited=&#8221;on|phone&#8221; global_colors_info=&#8221;{}&#8221;]<\/p>\n<h2>Camera singola<\/h2>\n<p>[\/et_pb_text][\/et_pb_column][\/et_pb_row][et_pb_row column_structure=&#8221;2_3,1_3&#8243; use_custom_gutter=&#8221;on&#8221; gutter_width=&#8221;2&#8243; custom_padding_last_edited=&#8221;on|phone&#8221; _builder_version=&#8221;4.16&#8243; _module_preset=&#8221;default&#8221; background_color=&#8221;#f6f6f3&#8243; z_index=&#8221;99&#8243; width_tablet=&#8221;&#8221; width_phone=&#8221;90%&#8221; width_last_edited=&#8221;on|phone&#8221; custom_margin=&#8221;||||false|false&#8221; custom_padding=&#8221;4vw|4vw||4vw|false|false&#8221; custom_padding_tablet=&#8221;&#8221; custom_padding_phone=&#8221;25px|25px|25px|25px|true|true&#8221; box_shadow_style=&#8221;preset1&#8243; box_shadow_vertical=&#8221;-25px&#8221; box_shadow_spread=&#8221;-10px&#8221; collapsed=&#8221;on&#8221; global_colors_info=&#8221;{}&#8221;][et_pb_column type=&#8221;2_3&#8243; _builder_version=&#8221;4.16&#8243; _module_preset=&#8221;default&#8221; global_colors_info=&#8221;{}&#8221;][et_pb_text admin_label=&#8221;Opis sobe&#8221; _builder_version=&#8221;4.16&#8243; _module_preset=&#8221;default&#8221; text_font=&#8221;|300|||||||&#8221; text_font_size=&#8221;24px&#8221; text_letter_spacing=&#8221;0.03em&#8221; text_line_height=&#8221;2.1em&#8221; text_line_height_tablet=&#8221;&#8221; text_line_height_phone=&#8221;1.5em&#8221; text_line_height_last_edited=&#8221;on|phone&#8221; global_colors_info=&#8221;{}&#8221;]<\/p>\n<p class=\"p1\">Camere singole con vista mare.<\/p>\n<p>[\/et_pb_text][et_pb_divider show_divider=&#8221;off&#8221; _builder_version=&#8221;4.16&#8243; _module_preset=&#8221;default&#8221; global_colors_info=&#8221;{}&#8221;][\/et_pb_divider][dvmd_table_maker tbl_title_text=&#8221;Camera singola&#8221; tbl_description_text=&#8221;LATO MARE&#8221; admin_label=&#8221;Jednokrevetna soba&#8221; _builder_version=&#8221;4.27.5&#8243; _module_preset=&#8221;a369861e-77b5-40f4-b676-34b5913d0b22&#8243; locked=&#8221;off&#8221; global_colors_info=&#8221;{%22gcid-8e1839f3-589a-4047-9327-56da17671271%22:%91%22tbl_chead_text_text_color%22,%22tbl_chead_text_text_color%22,%22tbl_chead_text_text_color%22,%22tbl_chead_text_text_color%22%93,%22gcid-d6dd4194-7494-4a77-8e31-50e28853b2d1%22:%91%22tbl_chead_cell_color%22,%22tbl_rhead_cell_color%22,%22tbl_chead_cell_color%22,%22tbl_rhead_cell_color%22,%22tbl_chead_cell_color%22,%22tbl_rhead_cell_color%22,%22tbl_chead_cell_color%22,%22tbl_rhead_cell_color%22%93,%22gcid-458a16e2-60bf-4338-bc12-30dfbcdd18cb%22:%91%22tbl_tcell_cell_color%22,%22tbl_tcell_cell_color%22,%22tbl_tcell_cell_color%22,%22tbl_tcell_cell_color%22%93}&#8221;][dvmd_table_maker_item col_label=&#8221;Godina&#8221; col_content=&#8221;<strong>LISTINO PREZZI 2026<\/strong><br \/>\nPrenottamento \/ Colazione<br \/>\nMezza pensione&#8221; col_column_min_width=&#8221;25%&#8221; _builder_version=&#8221;4.27.5&#8243; _module_preset=&#8221;default&#8221; global_colors_info=&#8221;{}&#8221;][\/dvmd_table_maker_item][dvmd_table_maker_item col_label=&#8221;1&#8243; col_content=&#8221;27.3. \u2013 12.5.<br \/>19.9. \u2013 2.11.<br \/>\n71,00<br \/>\n86,00 &#8221; _builder_version=&#8221;4.27.5&#8243; _module_preset=&#8221;default&#8221; global_colors_info=&#8221;{}&#8221;][\/dvmd_table_maker_item][dvmd_table_maker_item col_label=&#8221;2&#8243; col_content=&#8221;13.5. \u2013 19.6.<br \/>5.9. \u2013 18.9.<br \/>23.12.26 \u2013 3.1.27<br \/>\n94,00<br \/>\n109,00&#8243; _builder_version=&#8221;4.27.5&#8243; _module_preset=&#8221;default&#8221; global_colors_info=&#8221;{}&#8221;][\/dvmd_table_maker_item][dvmd_table_maker_item col_label=&#8221;3&#8243; col_content=&#8221;20.6. \u2013 24.7.<br \/>21.8. \u2013 4.9.<br \/>\n125,00<br \/>\n141,00 &#8221; _builder_version=&#8221;4.27.5&#8243; _module_preset=&#8221;default&#8221; global_colors_info=&#8221;{}&#8221;][\/dvmd_table_maker_item][dvmd_table_maker_item col_label=&#8221;4&#8243; col_content=&#8221;25.7. \u2013 20.8.<br \/>\n142,00<br \/>\n158,00&#8243; _builder_version=&#8221;4.27.5&#8243; _module_preset=&#8221;default&#8221; global_colors_info=&#8221;{}&#8221;][\/dvmd_table_maker_item][\/dvmd_table_maker][et_pb_button button_url=&#8221;https:\/\/secure.phobs.net\/book.php?company_id=3e2043935f41b62b3e544a7c5ac96332&#038;hotel=b1ce4da3b9de582bd6b2ee2fe469972d&#038;date=2026-11-01&#038;nights=1&#038;lang=it&#038;rate=RATE231990&#038;cookie_consent=1&#8243; url_new_window=&#8221;on&#8221; button_text=&#8221;PRENOTA ORA&#8221; _builder_version=&#8221;4.27.5&#8243; _module_preset=&#8221;967899fe-a59a-409b-bce6-9b9632b8e52c&#8221; hover_enabled=&#8221;0&#8243; global_colors_info=&#8221;{%22gcid-4abf9d1a-e699-4c6f-83f2-4facf985ad72%22:%91%22button_text_color__hover%22%93}&#8221; sticky_enabled=&#8221;0&#8243;][\/et_pb_button][et_pb_text admin_label=&#8221;Napomena&#8221; _builder_version=&#8221;4.27.5&#8243; _module_preset=&#8221;default&#8221; text_font=&#8221;||||||||&#8221; text_letter_spacing=&#8221;0.03em&#8221; text_line_height=&#8221;2em&#8221; global_colors_info=&#8221;{}&#8221;]Nei prezzi indicati sono inclusi:<\/p>\n<ol>\n<li>internet WLAN nell\u2019edificio centrale e nella d\u00e9pendance,<\/li>\n<li>tassa turistica,<\/li>\n<li>IVA.<\/li>\n<\/ol>\n<p>[\/et_pb_text][et_pb_text _builder_version=&#8221;4.16&#8243; _module_preset=&#8221;default&#8221; text_letter_spacing=&#8221;0.03em&#8221; text_line_height=&#8221;2em&#8221; global_colors_info=&#8221;{}&#8221;]I prezzi sono indicati per camera e per giorno in euro e si riferiscono all\u2019edificio principale. Ogni camera dispone di bagno, climatizzatore, telefono, TV satellitare, minibar e balcone.<br \/>\n[\/et_pb_text][\/et_pb_column][et_pb_column type=&#8221;1_3&#8243; _builder_version=&#8221;4.16&#8243; _module_preset=&#8221;default&#8221; global_colors_info=&#8221;{}&#8221;][et_pb_accordion open_toggle_text_color=&#8221;gcid-8e1839f3-589a-4047-9327-56da17671271&#8243; icon_color=&#8221;gcid-aa7253d2-77e5-4d7f-92d3-ac591879ed30&#8243; use_icon_font_size=&#8221;on&#8221; admin_label=&#8221;Napomene + Transfer gostiju&#8221; _builder_version=&#8221;4.27.5&#8243; _module_preset=&#8221;default&#8221; toggle_text_color=&#8221;gcid-aa7253d2-77e5-4d7f-92d3-ac591879ed30&#8243; toggle_font=&#8221;|700||on|||||&#8221; body_font_size=&#8221;14px&#8221; body_letter_spacing=&#8221;0.03em&#8221; custom_margin=&#8221;||||false|false&#8221; border_width_all=&#8221;0px&#8221; saved_tabs=&#8221;all&#8221; global_colors_info=&#8221;{%22gcid-aa7253d2-77e5-4d7f-92d3-ac591879ed30%22:%91%22icon_color%22,%22toggle_text_color%22%93,%22gcid-8e1839f3-589a-4047-9327-56da17671271%22:%91%22icon_color__hover%22,%22toggle_text_color__hover%22,%22open_toggle_text_color%22%93,%22gcid-15be7f10-44fe-47d7-8b6a-63cddb76816b%22:%91%93}&#8221; icon_color__hover_enabled=&#8221;on|hover&#8221; icon_color__hover=&#8221;#16141c&#8221; toggle_text_color__hover_enabled=&#8221;on|hover&#8221; toggle_text_color__hover=&#8221;#16141c&#8221;][et_pb_accordion_item title=&#8221;Note&#8221; open=&#8221;on&#8221; open_toggle_text_color=&#8221;gcid-8e1839f3-589a-4047-9327-56da17671271&#8243; closed_toggle_text_color=&#8221;gcid-aa7253d2-77e5-4d7f-92d3-ac591879ed30&#8243; icon_color=&#8221;gcid-8e1839f3-589a-4047-9327-56da17671271&#8243; use_icon_font_size=&#8221;on&#8221; _builder_version=&#8221;4.27.5&#8243; _module_preset=&#8221;default&#8221; body_letter_spacing=&#8221;0.03em&#8221; custom_margin=&#8221;||0px||false|false&#8221; global_colors_info=&#8221;{%22gcid-8e1839f3-589a-4047-9327-56da17671271%22:%91%22icon_color%22,%22open_toggle_text_color%22,%22closed_toggle_text_color__hover%22%93,%22gcid-aa7253d2-77e5-4d7f-92d3-ac591879ed30%22:%91%22closed_toggle_text_color%22%93}&#8221; closed_toggle_text_color__hover_enabled=&#8221;on|hover&#8221; closed_toggle_text_color__hover=&#8221;#16141c&#8221;]<\/p>\n<ul>\n<li><strong>\u201cEarly bird\u201d: 10% di sconto<\/strong> \u2013 valido per le prenotazioni effettuate <strong>entro il 31\/1\/2026:<\/strong><\/li>\n<li>Bambino fino a 3 (2,99) anni: <strong>gratis<\/strong>.<\/li>\n<li>L&#8217;uso del Centro Wellness &amp; SPA per gli ospiti dell&#8217;hotel: 1<strong>5,00 euro per persona per un massimo di tre ore<\/strong> (i bambini fino ai 12 anni possono entrare gratuitamente nella piscina solo se accompagnati da un adulto)<\/li>\n<li>Animali da compagnia per giorno: <strong>10,00 euro.<\/strong><\/li>\n<li>Culla per giorno (esclusivamente su precedente richiesta): <strong>10,00 euro.<\/strong><\/li>\n<\/ul>\n<p>[\/et_pb_accordion_item][et_pb_accordion_item title=&#8221;Vantaggi&#8221; _builder_version=&#8221;4.22.2&#8243; _module_preset=&#8221;default&#8221; custom_margin=&#8221;||0px||false|false&#8221; global_colors_info=&#8221;{}&#8221; open=&#8221;off&#8221;]<\/p>\n<ul>\n<li><strong>Per i soggiorni ininterrotti di:<\/strong>\n<ul>\n<li><strong>almeno 7 notti all\u2019Hotel Kimen<\/strong> concediamo uno sconto pari al prezzo del biglietto del traghetto di sola andata per l\u2019isola di Cherso (Cres)<\/li>\n<li><strong>almeno 14 notti all\u2019Hotel Kimen<\/strong> concediamo uno sconto pari al prezzo del biglietto del traghetto di andata e ritorno per l\u2019isola di Cherso (Cres)<\/li>\n<\/ul>\n<\/li>\n<li>Lo sconto \u201ctraghetto\u201d \u00e8 utilizzabile esclusivamente consegnando il biglietto del traghetto alla reception dell\u2019Hotel Kimen. Lo sconto \u00e8 valido soltanto per i traghetti Brestova \u2013 Porozina e Valbiska- Merag.<\/li>\n<\/ul>\n<p>[\/et_pb_accordion_item][et_pb_accordion_item title=&#8221;Sconti stagionali&#8221; _builder_version=&#8221;4.27.5&#8243; _module_preset=&#8221;default&#8221; custom_margin=&#8221;||0px||false|false&#8221; global_colors_info=&#8221;{}&#8221; open=&#8221;off&#8221;]<strong>Dal 27\/3 al 27\/6\/2026 (giorno della partenza) e dal 7\/9 al 2\/11\/2026:<\/strong><\/p>\n<ul>\n<li>soggiornate per 7 notti = pagate per 6 notti<\/li>\n<li>soggiornate per 14 notti = pagate per 12 notti<\/li>\n<\/ul>\n<p>[\/et_pb_accordion_item][et_pb_accordion_item title=&#8221;Transporto degli ospiti&#8221; _builder_version=&#8221;4.25.1&#8243; _module_preset=&#8221;default&#8221; custom_margin=&#8221;||0px||false|false&#8221; border_width_all=&#8221;0px&#8221; global_colors_info=&#8221;{}&#8221; open=&#8221;off&#8221;]<\/p>\n<ul>\n<li>Per tutti gli ospiti del nostro hotel organizziamo il trasporto dall\u2019aeroporto di Veglia (Krk) fino alla struttura e indietro al prezzo di <strong>135,00 euro a persona<\/strong>, e dall\u2019aeroporto di Pola (Pula) fino alla struttura e indietro al prezzo di <strong>165,00 euro a persona.<\/strong><\/li>\n<li>\u00c8 necessario pagare il costo del trasporto in anticipo. Siete pregati di prenotare il trasporto con un anticipo di almeno 14 giorni.<\/li>\n<\/ul>\n<p>[\/et_pb_accordion_item][\/et_pb_accordion][\/et_pb_column][\/et_pb_row][\/et_pb_section][et_pb_section fb_built=&#8221;1&#8243; fullwidth=&#8221;on&#8221; admin_label=&#8221;Dvokrevetna soba galerija&#8221; _builder_version=&#8221;4.16&#8243; _module_preset=&#8221;default&#8221; collapsed=&#8221;on&#8221; global_colors_info=&#8221;{}&#8221;][et_pb_fullwidth_slider arrows_custom_color=&#8221;#f6f6f3&#8243; dot_nav_custom_color=&#8221;#0670b0&#8243; _builder_version=&#8221;4.16&#8243; _module_preset=&#8221;default&#8221; min_height=&#8221;800px&#8221; min_height_tablet=&#8221;&#8221; min_height_phone=&#8221;395px&#8221; min_height_last_edited=&#8221;on|phone&#8221; auto=&#8221;on&#8221; auto_speed=&#8221;5000&#8243; global_colors_info=&#8221;{}&#8221; arrows_custom_color__hover=&#8221;#0670b0&#8243; arrows_custom_color__hover_enabled=&#8221;on|hover&#8221;][et_pb_slide _builder_version=&#8221;4.16&#8243; _module_preset=&#8221;default&#8221; background_image=&#8221;https:\/\/www.hotel-kimen.com\/wp-content\/uploads\/2021\/03\/Dvokrevetna-soba-Hotel-Kimen-Cres.jpg&#8221; background_enable_image=&#8221;on&#8221; global_colors_info=&#8221;{}&#8221; sticky_transition=&#8221;on&#8221;][\/et_pb_slide][et_pb_slide _builder_version=&#8221;4.16&#8243; _module_preset=&#8221;default&#8221; background_image=&#8221;https:\/\/www.hotel-kimen.com\/wp-content\/uploads\/2021\/03\/Dvokrevetna-soba-pogled-Hotel-Kimen-Cres.jpg&#8221; background_enable_image=&#8221;on&#8221; global_colors_info=&#8221;{}&#8221; sticky_transition=&#8221;on&#8221;][\/et_pb_slide][\/et_pb_fullwidth_slider][\/et_pb_section][et_pb_section fb_built=&#8221;1&#8243; admin_label=&#8221;Dvokrevetna soba&#8221; _builder_version=&#8221;4.16&#8243; _module_preset=&#8221;default&#8221; background_color=&#8221;rgba(0,0,0,0)&#8221; collapsed=&#8221;off&#8221; global_colors_info=&#8221;{}&#8221;][et_pb_row use_custom_gutter=&#8221;on&#8221; gutter_width=&#8221;4&#8243; make_equal=&#8221;on&#8221; custom_padding_last_edited=&#8221;on|phone&#8221; _builder_version=&#8221;4.16&#8243; _module_preset=&#8221;default&#8221; background_color=&#8221;rgba(0,0,0,0)&#8221; z_index=&#8221;100&#8243; width_tablet=&#8221;&#8221; width_phone=&#8221;90%&#8221; width_last_edited=&#8221;on|phone&#8221; custom_margin=&#8221;-350px||||false|false&#8221; custom_margin_tablet=&#8221;&#8221; custom_margin_phone=&#8221;-200px||||false|false&#8221; custom_margin_last_edited=&#8221;on|phone&#8221; custom_padding=&#8221;2vw|4vw|2vw|4vw|false|false&#8221; custom_padding_tablet=&#8221;&#8221; custom_padding_phone=&#8221;0vw|0vw|0vw|0vw|true|true&#8221; custom_css_main_element=&#8221;align-items: center;&#8221; collapsed=&#8221;on&#8221; global_colors_info=&#8221;{}&#8221;][et_pb_column type=&#8221;4_4&#8243; _builder_version=&#8221;4.16&#8243; _module_preset=&#8221;default&#8221; global_colors_info=&#8221;{}&#8221;][et_pb_text admin_label=&#8221;Naslov&#8221; _builder_version=&#8221;4.16&#8243; _module_preset=&#8221;default&#8221; header_font=&#8221;|300|||||||&#8221; header_text_color=&#8221;#f6f6f3&#8243; header_2_font=&#8221;|300|||||||&#8221; header_2_text_color=&#8221;#f6f6f3&#8243; header_2_font_size=&#8221;61px&#8221; header_2_font_size_tablet=&#8221;&#8221; header_2_font_size_phone=&#8221;3em&#8221; header_2_font_size_last_edited=&#8221;on|phone&#8221; global_colors_info=&#8221;{}&#8221;]<\/p>\n<h2>Camera doppia<\/h2>\n<p>[\/et_pb_text][\/et_pb_column][\/et_pb_row][et_pb_row column_structure=&#8221;2_3,1_3&#8243; use_custom_gutter=&#8221;on&#8221; gutter_width=&#8221;2&#8243; custom_padding_last_edited=&#8221;on|phone&#8221; _builder_version=&#8221;4.16&#8243; _module_preset=&#8221;default&#8221; background_color=&#8221;#f6f6f3&#8243; z_index=&#8221;99&#8243; width_tablet=&#8221;&#8221; width_phone=&#8221;90%&#8221; width_last_edited=&#8221;on|phone&#8221; custom_margin=&#8221;||||false|false&#8221; custom_padding=&#8221;4vw|4vw||4vw|false|false&#8221; custom_padding_tablet=&#8221;&#8221; custom_padding_phone=&#8221;25px|25px|25px|25px|true|true&#8221; box_shadow_style=&#8221;preset1&#8243; box_shadow_vertical=&#8221;-25px&#8221; box_shadow_spread=&#8221;-10px&#8221; collapsed=&#8221;on&#8221; global_colors_info=&#8221;{}&#8221; width__hover_enabled=&#8221;off|desktop&#8221;][et_pb_column type=&#8221;2_3&#8243; _builder_version=&#8221;4.16&#8243; _module_preset=&#8221;default&#8221; global_colors_info=&#8221;{}&#8221;][et_pb_text admin_label=&#8221;Opis sobe&#8221; _builder_version=&#8221;4.16&#8243; _module_preset=&#8221;default&#8221; text_font=&#8221;|300|||||||&#8221; text_font_size=&#8221;24px&#8221; text_letter_spacing=&#8221;0.03em&#8221; text_line_height=&#8221;1.4em&#8221; text_font_size_tablet=&#8221;&#8221; text_font_size_phone=&#8221;21px&#8221; text_font_size_last_edited=&#8221;on|phone&#8221; global_colors_info=&#8221;{}&#8221;]Camere doppie con possibilit\u00e0 di scelta tra lato mare e lato parco \u2013 comprendono anche 3 camere adatte alle persone con disabilit\u00e0.<br \/>\n[\/et_pb_text][et_pb_divider show_divider=&#8221;off&#8221; _builder_version=&#8221;4.24.2&#8243; _module_preset=&#8221;default&#8221; global_colors_info=&#8221;{}&#8221;][\/et_pb_divider][dvmd_table_maker tbl_title_text=&#8221;Camera doppia&#8221; tbl_description_text=&#8221;Lato mare&#8221; admin_label=&#8221;Cjenik: Dvokrevetna soba&#8221; _builder_version=&#8221;4.27.5&#8243; _module_preset=&#8221;a369861e-77b5-40f4-b676-34b5913d0b22&#8243; locked=&#8221;off&#8221; global_colors_info=&#8221;{%22gcid-8e1839f3-589a-4047-9327-56da17671271%22:%91%22tbl_chead_text_text_color%22,%22tbl_rhead_text_text_color%22,%22tbl_chead_text_text_color%22,%22tbl_rhead_text_text_color%22,%22tbl_chead_text_text_color%22,%22tbl_rhead_text_text_color%22,%22tbl_chead_text_text_color%22,%22tbl_rhead_text_text_color%22,%22tbl_chead_text_text_color%22,%22tbl_rhead_text_text_color%22%93,%22gcid-d6dd4194-7494-4a77-8e31-50e28853b2d1%22:%91%22tbl_chead_cell_color%22,%22tbl_rhead_cell_color%22,%22tbl_chead_cell_color%22,%22tbl_rhead_cell_color%22,%22tbl_chead_cell_color%22,%22tbl_rhead_cell_color%22,%22tbl_chead_cell_color%22,%22tbl_rhead_cell_color%22,%22tbl_chead_cell_color%22,%22tbl_rhead_cell_color%22%93,%22gcid-458a16e2-60bf-4338-bc12-30dfbcdd18cb%22:%91%22tbl_tcell_cell_color%22,%22tbl_tcell_cell_color%22,%22tbl_tcell_cell_color%22,%22tbl_tcell_cell_color%22,%22tbl_tcell_cell_color%22%93}&#8221;][dvmd_table_maker_item col_label=&#8221;Godina&#8221; col_content=&#8221;<strong>LISTINO PREZZI 2026<\/strong><br \/>\nPrenottamento \/ Colazione<br \/>\nMezza pensione&#8221; col_column_min_width=&#8221;25%&#8221; _builder_version=&#8221;4.27.5&#8243; _module_preset=&#8221;default&#8221; global_colors_info=&#8221;{}&#8221;][\/dvmd_table_maker_item][dvmd_table_maker_item col_label=&#8221;1&#8243; col_content=&#8221;27.3. \u2013 12.5.<br \/>19.9. \u2013 2.11.<br \/>\n100,00<br \/>\n132,00&#8243; _builder_version=&#8221;4.27.5&#8243; _module_preset=&#8221;default&#8221; global_colors_info=&#8221;{}&#8221;][\/dvmd_table_maker_item][dvmd_table_maker_item col_label=&#8221;2&#8243; col_content=&#8221;13.5. \u2013 19.6.<br \/>5.9. \u2013 18.9.<br \/>23.12.26 \u2013 3.1.27<br \/>\n131,00<br \/>\n162,00&#8243; _builder_version=&#8221;4.27.5&#8243; _module_preset=&#8221;default&#8221; global_colors_info=&#8221;{}&#8221;][\/dvmd_table_maker_item][dvmd_table_maker_item col_label=&#8221;3&#8243; col_content=&#8221;20.6. \u2013 24.7.<br \/>21.8. \u2013 4.9.<br \/>\n176,00<br \/>\n207,00&#8243; _builder_version=&#8221;4.27.5&#8243; _module_preset=&#8221;default&#8221; global_colors_info=&#8221;{}&#8221;][\/dvmd_table_maker_item][dvmd_table_maker_item col_label=&#8221;4&#8243; col_content=&#8221;25.7. \u2013 20.8.<br \/>\n199,00<br \/>\n231,00&#8243; _builder_version=&#8221;4.27.5&#8243; _module_preset=&#8221;default&#8221; global_colors_info=&#8221;{}&#8221;][\/dvmd_table_maker_item][\/dvmd_table_maker][et_pb_button button_url=&#8221;https:\/\/secure.phobs.net\/book.php?company_id=3e2043935f41b62b3e544a7c5ac96332&#038;hotel=b1ce4da3b9de582bd6b2ee2fe469972d&#038;date=2026-11-01&#038;nights=1&#038;lang=it&#038;rate=RATE231990&#038;cookie_consent=1&#8243; url_new_window=&#8221;on&#8221; button_text=&#8221;PRENOTA ORA&#8221; _builder_version=&#8221;4.27.5&#8243; _module_preset=&#8221;967899fe-a59a-409b-bce6-9b9632b8e52c&#8221; hover_enabled=&#8221;0&#8243; locked=&#8221;off&#8221; global_colors_info=&#8221;{%22gcid-4abf9d1a-e699-4c6f-83f2-4facf985ad72%22:%91%22button_text_color__hover%22%93}&#8221; sticky_enabled=&#8221;0&#8243;][\/et_pb_button][dvmd_table_maker tbl_title_text=&#8221;Camera doppia&#8221; tbl_description_text=&#8221;Lato parco&#8221; admin_label=&#8221;Cjenik: Dvokrevetna soba park strana&#8221; _builder_version=&#8221;4.27.5&#8243; _module_preset=&#8221;a369861e-77b5-40f4-b676-34b5913d0b22&#8243; locked=&#8221;off&#8221; global_colors_info=&#8221;{%22gcid-8e1839f3-589a-4047-9327-56da17671271%22:%91%22tbl_chead_text_text_color%22,%22tbl_rhead_text_text_color%22,%22tbl_chead_text_text_color%22,%22tbl_rhead_text_text_color%22,%22tbl_chead_text_text_color%22,%22tbl_rhead_text_text_color%22,%22tbl_chead_text_text_color%22,%22tbl_rhead_text_text_color%22,%22tbl_chead_text_text_color%22,%22tbl_rhead_text_text_color%22%93,%22gcid-d6dd4194-7494-4a77-8e31-50e28853b2d1%22:%91%22tbl_chead_cell_color%22,%22tbl_rhead_cell_color%22,%22tbl_chead_cell_color%22,%22tbl_rhead_cell_color%22,%22tbl_chead_cell_color%22,%22tbl_rhead_cell_color%22,%22tbl_chead_cell_color%22,%22tbl_rhead_cell_color%22,%22tbl_chead_cell_color%22,%22tbl_rhead_cell_color%22%93,%22gcid-458a16e2-60bf-4338-bc12-30dfbcdd18cb%22:%91%22tbl_tcell_cell_color%22,%22tbl_tcell_cell_color%22,%22tbl_tcell_cell_color%22,%22tbl_tcell_cell_color%22,%22tbl_tcell_cell_color%22%93}&#8221;][dvmd_table_maker_item col_label=&#8221;Godina&#8221; col_content=&#8221;<strong>LISTINO PREZZI 2026<\/strong><br \/>\nPrenottamento \/ Colazione<br \/>\nMezza pensione&#8221; col_column_min_width=&#8221;25%&#8221; _builder_version=&#8221;4.27.5&#8243; _module_preset=&#8221;default&#8221; global_colors_info=&#8221;{}&#8221;][\/dvmd_table_maker_item][dvmd_table_maker_item col_label=&#8221;1&#8243; col_content=&#8221;27.3. \u2013 12.5.<br \/>19.9. \u2013 2.11.<br \/>\n90,00<br \/>\n122,00 &#8221; _builder_version=&#8221;4.27.5&#8243; _module_preset=&#8221;default&#8221; global_colors_info=&#8221;{}&#8221;][\/dvmd_table_maker_item][dvmd_table_maker_item col_label=&#8221;2&#8243; col_content=&#8221;13.5. \u2013 19.6.<br \/>5.9. \u2013 18.9.<br \/>23.12.26 \u2013 3.1.27<br \/>\n121,00<br \/>\n152,00&#8243; _builder_version=&#8221;4.27.5&#8243; _module_preset=&#8221;default&#8221; global_colors_info=&#8221;{}&#8221;][\/dvmd_table_maker_item][dvmd_table_maker_item col_label=&#8221;3&#8243; col_content=&#8221;20.6. \u2013 24.7.<br \/>21.8. \u2013 4.9.<br \/>\n166,00<br \/>\n197,00&#8243; _builder_version=&#8221;4.27.5&#8243; _module_preset=&#8221;default&#8221; global_colors_info=&#8221;{}&#8221;][\/dvmd_table_maker_item][dvmd_table_maker_item col_label=&#8221;4&#8243; col_content=&#8221;25.7. \u2013 20.8.<br \/>\n189,00<br \/>\n221,00&#8243; _builder_version=&#8221;4.27.5&#8243; _module_preset=&#8221;default&#8221; global_colors_info=&#8221;{}&#8221;][\/dvmd_table_maker_item][\/dvmd_table_maker][et_pb_button button_url=&#8221;https:\/\/secure.phobs.net\/book.php?company_id=3e2043935f41b62b3e544a7c5ac96332&#038;hotel=b1ce4da3b9de582bd6b2ee2fe469972d&#038;date=2026-11-01&#038;nights=1&#038;lang=it&#038;rate=RATE231990&#038;cookie_consent=1&#8243; url_new_window=&#8221;on&#8221; button_text=&#8221;PRENOTA ORA&#8221; _builder_version=&#8221;4.27.5&#8243; _module_preset=&#8221;967899fe-a59a-409b-bce6-9b9632b8e52c&#8221; hover_enabled=&#8221;0&#8243; locked=&#8221;off&#8221; global_colors_info=&#8221;{%22gcid-4abf9d1a-e699-4c6f-83f2-4facf985ad72%22:%91%22button_text_color__hover%22%93}&#8221; sticky_enabled=&#8221;0&#8243;][\/et_pb_button][dvmd_table_maker tbl_title_text=&#8221;CAMERA DOPPIA A USO SINGOLA&#8221; tbl_description_text=&#8221;LATO MARE&#8221; admin_label=&#8221;Cjenik: DVOKREVETNA SOBA \u201cSINGLE USE\u201d&#8221; _builder_version=&#8221;4.27.5&#8243; _module_preset=&#8221;a369861e-77b5-40f4-b676-34b5913d0b22&#8243; locked=&#8221;off&#8221; global_colors_info=&#8221;{%22gcid-8e1839f3-589a-4047-9327-56da17671271%22:%91%22tbl_chead_text_text_color%22,%22tbl_rhead_text_text_color%22,%22tbl_chead_text_text_color%22,%22tbl_rhead_text_text_color%22,%22tbl_chead_text_text_color%22,%22tbl_rhead_text_text_color%22,%22tbl_chead_text_text_color%22,%22tbl_rhead_text_text_color%22,%22tbl_chead_text_text_color%22,%22tbl_rhead_text_text_color%22%93,%22gcid-d6dd4194-7494-4a77-8e31-50e28853b2d1%22:%91%22tbl_chead_cell_color%22,%22tbl_rhead_cell_color%22,%22tbl_chead_cell_color%22,%22tbl_rhead_cell_color%22,%22tbl_chead_cell_color%22,%22tbl_rhead_cell_color%22,%22tbl_chead_cell_color%22,%22tbl_rhead_cell_color%22,%22tbl_chead_cell_color%22,%22tbl_rhead_cell_color%22%93,%22gcid-458a16e2-60bf-4338-bc12-30dfbcdd18cb%22:%91%22tbl_tcell_cell_color%22,%22tbl_tcell_cell_color%22,%22tbl_tcell_cell_color%22,%22tbl_tcell_cell_color%22,%22tbl_tcell_cell_color%22%93}&#8221;][dvmd_table_maker_item col_label=&#8221;Godina&#8221; col_content=&#8221;<strong>LISTINO PREZZI 2026<\/strong><br \/>\nPrenottamento \/ Colazione<br \/>\nMezza pensione&#8221; col_column_min_width=&#8221;25%&#8221; _builder_version=&#8221;4.27.5&#8243; _module_preset=&#8221;default&#8221; global_colors_info=&#8221;{}&#8221;][\/dvmd_table_maker_item][dvmd_table_maker_item col_label=&#8221;1&#8243; col_content=&#8221;27.3. \u2013 12.5.<br \/>19.9. \u2013 2.11.<br \/>\n87,00<br \/>\n103,00&#8243; _builder_version=&#8221;4.27.5&#8243; _module_preset=&#8221;default&#8221; global_colors_info=&#8221;{}&#8221;][\/dvmd_table_maker_item][dvmd_table_maker_item col_label=&#8221;2&#8243; col_content=&#8221;13.5. \u2013 19.6.<br \/>5.9. \u2013 18.9.<br \/>23.12.26 \u2013 3.1.27<br \/>\n109,00<br \/>\n124,00&#8243; _builder_version=&#8221;4.27.5&#8243; _module_preset=&#8221;default&#8221; global_colors_info=&#8221;{}&#8221;][\/dvmd_table_maker_item][dvmd_table_maker_item col_label=&#8221;3&#8243; col_content=&#8221;20.6. \u2013 24.7.<br \/>21.8. \u2013 4.9.<br \/>\n150,00<br \/>\n165,00&#8243; _builder_version=&#8221;4.27.5&#8243; _module_preset=&#8221;default&#8221; global_colors_info=&#8221;{}&#8221;][\/dvmd_table_maker_item][dvmd_table_maker_item col_label=&#8221;4&#8243; col_content=&#8221;25.7. \u2013 20.8.<br \/>\n166,00<br \/>\n182,00&#8243; _builder_version=&#8221;4.27.5&#8243; _module_preset=&#8221;default&#8221; global_colors_info=&#8221;{}&#8221;][\/dvmd_table_maker_item][\/dvmd_table_maker][et_pb_button button_url=&#8221;https:\/\/secure.phobs.net\/book.php?company_id=3e2043935f41b62b3e544a7c5ac96332&#038;hotel=b1ce4da3b9de582bd6b2ee2fe469972d&#038;date=2026-11-01&#038;nights=1&#038;lang=it&#038;rate=RATE231990&#038;cookie_consent=1&#8243; url_new_window=&#8221;on&#8221; button_text=&#8221;PRENOTA ORA&#8221; _builder_version=&#8221;4.27.5&#8243; _module_preset=&#8221;967899fe-a59a-409b-bce6-9b9632b8e52c&#8221; hover_enabled=&#8221;0&#8243; locked=&#8221;off&#8221; global_colors_info=&#8221;{%22gcid-4abf9d1a-e699-4c6f-83f2-4facf985ad72%22:%91%22button_text_color__hover%22%93}&#8221; sticky_enabled=&#8221;0&#8243;][\/et_pb_button][dvmd_table_maker tbl_title_text=&#8221;CAMERA DOPPIA A USO SINGOLA&#8221; tbl_description_text=&#8221;LATO PARCO&#8221; admin_label=&#8221;Cjenik: DVOKREVETNA SOBA \u201cSINGLE USE\u201d&#8221; _builder_version=&#8221;4.27.5&#8243; _module_preset=&#8221;a369861e-77b5-40f4-b676-34b5913d0b22&#8243; locked=&#8221;off&#8221; global_colors_info=&#8221;{%22gcid-8e1839f3-589a-4047-9327-56da17671271%22:%91%22tbl_chead_text_text_color%22,%22tbl_rhead_text_text_color%22,%22tbl_chead_text_text_color%22,%22tbl_rhead_text_text_color%22,%22tbl_chead_text_text_color%22,%22tbl_rhead_text_text_color%22,%22tbl_chead_text_text_color%22,%22tbl_rhead_text_text_color%22,%22tbl_chead_text_text_color%22,%22tbl_rhead_text_text_color%22%93,%22gcid-d6dd4194-7494-4a77-8e31-50e28853b2d1%22:%91%22tbl_chead_cell_color%22,%22tbl_rhead_cell_color%22,%22tbl_chead_cell_color%22,%22tbl_rhead_cell_color%22,%22tbl_chead_cell_color%22,%22tbl_rhead_cell_color%22,%22tbl_chead_cell_color%22,%22tbl_rhead_cell_color%22,%22tbl_chead_cell_color%22,%22tbl_rhead_cell_color%22%93,%22gcid-458a16e2-60bf-4338-bc12-30dfbcdd18cb%22:%91%22tbl_tcell_cell_color%22,%22tbl_tcell_cell_color%22,%22tbl_tcell_cell_color%22,%22tbl_tcell_cell_color%22,%22tbl_tcell_cell_color%22%93}&#8221;][dvmd_table_maker_item col_label=&#8221;Godina&#8221; col_content=&#8221;<strong>LISTINO PREZZI 2026<\/strong><br \/>\nPrenottamento \/ Colazione<br \/>\nMezza pensione&#8221; col_column_min_width=&#8221;25%&#8221; _builder_version=&#8221;4.27.5&#8243; _module_preset=&#8221;default&#8221; global_colors_info=&#8221;{}&#8221;][\/dvmd_table_maker_item][dvmd_table_maker_item col_label=&#8221;1&#8243; col_content=&#8221;27.3. \u2013 12.5.<br \/>19.9. \u2013 2.11.<br \/>\n77,00<br \/>\n93,00&#8243; _builder_version=&#8221;4.27.5&#8243; _module_preset=&#8221;default&#8221; global_colors_info=&#8221;{}&#8221;][\/dvmd_table_maker_item][dvmd_table_maker_item col_label=&#8221;2&#8243; col_content=&#8221;13.5. \u2013 19.6.<br \/>5.9. \u2013 18.9.<br \/>23.12.26 \u2013 3.1.27<br \/>\n99,00<br \/>\n114,00&#8243; _builder_version=&#8221;4.27.5&#8243; _module_preset=&#8221;default&#8221; global_colors_info=&#8221;{}&#8221;][\/dvmd_table_maker_item][dvmd_table_maker_item col_label=&#8221;3&#8243; col_content=&#8221;20.6. \u2013 24.7.<br \/>21.8. \u2013 4.9.<br \/>\n140,00<br \/>\n155,00&#8243; _builder_version=&#8221;4.27.5&#8243; _module_preset=&#8221;default&#8221; global_colors_info=&#8221;{}&#8221;][\/dvmd_table_maker_item][dvmd_table_maker_item col_label=&#8221;4&#8243; col_content=&#8221;25.7. \u2013 20.8.<br \/>\n156,00<br \/>\n172,00&#8243; _builder_version=&#8221;4.27.5&#8243; _module_preset=&#8221;default&#8221; global_colors_info=&#8221;{}&#8221;][\/dvmd_table_maker_item][\/dvmd_table_maker][et_pb_button button_url=&#8221;https:\/\/secure.phobs.net\/book.php?company_id=3e2043935f41b62b3e544a7c5ac96332&#038;hotel=b1ce4da3b9de582bd6b2ee2fe469972d&#038;date=2026-11-01&#038;nights=1&#038;lang=it&#038;rate=RATE231990&#038;cookie_consent=1&#8243; url_new_window=&#8221;on&#8221; button_text=&#8221;PRENOTA ORA&#8221; _builder_version=&#8221;4.27.5&#8243; _module_preset=&#8221;967899fe-a59a-409b-bce6-9b9632b8e52c&#8221; hover_enabled=&#8221;0&#8243; locked=&#8221;off&#8221; global_colors_info=&#8221;{%22gcid-4abf9d1a-e699-4c6f-83f2-4facf985ad72%22:%91%22button_text_color__hover%22%93}&#8221; sticky_enabled=&#8221;0&#8243;][\/et_pb_button][dvmd_table_maker tbl_title_text=&#8221;CAMERA DOPPIA CON LETTO AGGIUNTIVO&#8221; tbl_description_text=&#8221;2 ADULTI E UN BAMBINO FINO A 12 (11,99) ANNI &#8211; LATO MARE&#8221; admin_label=&#8221;Cjenik: Dvokrevetna soba s pomo\u0107nim le\u017eajem&#8221; _builder_version=&#8221;4.27.5&#8243; _module_preset=&#8221;a369861e-77b5-40f4-b676-34b5913d0b22&#8243; saved_tabs=&#8221;all&#8221; locked=&#8221;off&#8221; global_colors_info=&#8221;{%22gcid-8e1839f3-589a-4047-9327-56da17671271%22:%91%22tbl_chead_text_text_color%22,%22tbl_rhead_text_text_color%22,%22tbl_chead_text_text_color%22,%22tbl_rhead_text_text_color%22,%22tbl_chead_text_text_color%22,%22tbl_rhead_text_text_color%22%93,%22gcid-d6dd4194-7494-4a77-8e31-50e28853b2d1%22:%91%22tbl_chead_cell_color%22,%22tbl_rhead_cell_color%22,%22tbl_chead_cell_color%22,%22tbl_rhead_cell_color%22,%22tbl_chead_cell_color%22,%22tbl_rhead_cell_color%22%93,%22gcid-458a16e2-60bf-4338-bc12-30dfbcdd18cb%22:%91%22tbl_tcell_cell_color%22,%22tbl_tcell_cell_color%22,%22tbl_tcell_cell_color%22%93}&#8221;][dvmd_table_maker_item col_label=&#8221;Godina&#8221; col_content=&#8221;<strong>LISTINO PREZZI 2026<\/strong><br \/>\nPrenottamento \/ Colazione<br \/>\nMezza pensione&#8221; col_column_min_width=&#8221;25%&#8221; _builder_version=&#8221;4.27.5&#8243; _module_preset=&#8221;default&#8221; global_colors_info=&#8221;{}&#8221;][\/dvmd_table_maker_item][dvmd_table_maker_item col_label=&#8221;1&#8243; col_content=&#8221;27.3. \u2013 12.5.<br \/>19.9. \u2013 2.11.<br \/>\n129,00<br \/>\n172,00&#8243; _builder_version=&#8221;4.27.5&#8243; _module_preset=&#8221;default&#8221; global_colors_info=&#8221;{}&#8221;][\/dvmd_table_maker_item][dvmd_table_maker_item col_label=&#8221;2&#8243; col_content=&#8221;13.5. \u2013 19.6.<br \/>5.9. \u2013 18.9.<br \/>23.12.26 \u2013 3.1.27<br \/>\n173,00<br \/>\n217,00&#8243; _builder_version=&#8221;4.27.5&#8243; _module_preset=&#8221;default&#8221; global_colors_info=&#8221;{}&#8221;][\/dvmd_table_maker_item][dvmd_table_maker_item col_label=&#8221;3&#8243; col_content=&#8221;20.6. \u2013 24.7.<br \/>21.8. \u2013 4.9.<br \/>\n231,00<br \/>\n275,00&#8243; _builder_version=&#8221;4.27.5&#8243; _module_preset=&#8221;default&#8221; global_colors_info=&#8221;{}&#8221;][\/dvmd_table_maker_item][dvmd_table_maker_item col_label=&#8221;4&#8243; col_content=&#8221;25.7. \u2013 20.8.<br \/>\n262,00<br \/>\n306,00&#8243; _builder_version=&#8221;4.27.5&#8243; _module_preset=&#8221;default&#8221; global_colors_info=&#8221;{}&#8221;][\/dvmd_table_maker_item][\/dvmd_table_maker][et_pb_button button_url=&#8221;https:\/\/secure.phobs.net\/book.php?company_id=3e2043935f41b62b3e544a7c5ac96332&#038;hotel=b1ce4da3b9de582bd6b2ee2fe469972d&#038;date=2026-11-01&#038;nights=1&#038;lang=it&#038;rate=RATE231990&#038;cookie_consent=1&#8243; url_new_window=&#8221;on&#8221; button_text=&#8221;PRENOTA ORA&#8221; _builder_version=&#8221;4.27.5&#8243; _module_preset=&#8221;967899fe-a59a-409b-bce6-9b9632b8e52c&#8221; hover_enabled=&#8221;0&#8243; locked=&#8221;off&#8221; global_colors_info=&#8221;{%22gcid-4abf9d1a-e699-4c6f-83f2-4facf985ad72%22:%91%22button_text_color__hover%22%93}&#8221; sticky_enabled=&#8221;0&#8243;][\/et_pb_button][dvmd_table_maker tbl_title_text=&#8221;CAMERA DOPPIA CON LETTO AGGIUNTIVO&#8221; tbl_description_text=&#8221;2 ADULTI E UN BAMBINO FINO A 12 (11,99) ANNI &#8211; LATO PARCO&#8221; admin_label=&#8221;Cjenik: Dvokrevetna soba s pomo\u0107nim le\u017eajem&#8221; _builder_version=&#8221;4.27.5&#8243; _module_preset=&#8221;a369861e-77b5-40f4-b676-34b5913d0b22&#8243; saved_tabs=&#8221;all&#8221; locked=&#8221;off&#8221; global_colors_info=&#8221;{%22gcid-8e1839f3-589a-4047-9327-56da17671271%22:%91%22tbl_chead_text_text_color%22,%22tbl_rhead_text_text_color%22,%22tbl_chead_text_text_color%22,%22tbl_rhead_text_text_color%22,%22tbl_chead_text_text_color%22,%22tbl_rhead_text_text_color%22%93,%22gcid-d6dd4194-7494-4a77-8e31-50e28853b2d1%22:%91%22tbl_chead_cell_color%22,%22tbl_rhead_cell_color%22,%22tbl_chead_cell_color%22,%22tbl_rhead_cell_color%22,%22tbl_chead_cell_color%22,%22tbl_rhead_cell_color%22%93,%22gcid-458a16e2-60bf-4338-bc12-30dfbcdd18cb%22:%91%22tbl_tcell_cell_color%22,%22tbl_tcell_cell_color%22,%22tbl_tcell_cell_color%22%93}&#8221;][dvmd_table_maker_item col_label=&#8221;Godina&#8221; col_content=&#8221;<strong>LISTINO PREZZI 2026<\/strong><br \/>\nPrenottamento \/ Colazione<br \/>\nMezza pensione&#8221; col_column_min_width=&#8221;25%&#8221; _builder_version=&#8221;4.27.5&#8243; _module_preset=&#8221;default&#8221; global_colors_info=&#8221;{}&#8221;][\/dvmd_table_maker_item][dvmd_table_maker_item col_label=&#8221;1&#8243; col_content=&#8221;27.3. \u2013 12.5.<br \/>19.9. \u2013 2.11.<br \/>\n119,00<br \/>\n162,00 &#8221; _builder_version=&#8221;4.27.5&#8243; _module_preset=&#8221;default&#8221; global_colors_info=&#8221;{}&#8221;][\/dvmd_table_maker_item][dvmd_table_maker_item col_label=&#8221;2&#8243; col_content=&#8221;13.5. \u2013 19.6.<br \/>5.9. \u2013 18.9.<br \/>23.12.26 \u2013 3.1.27<br \/>\n163,00<br \/>\n207,00&#8243; _builder_version=&#8221;4.27.5&#8243; _module_preset=&#8221;default&#8221; global_colors_info=&#8221;{}&#8221;][\/dvmd_table_maker_item][dvmd_table_maker_item col_label=&#8221;3&#8243; col_content=&#8221;20.6. \u2013 24.7.<br \/>21.8. \u2013 4.9.<br \/>\n221,00<br \/>\n265,00&#8243; _builder_version=&#8221;4.27.5&#8243; _module_preset=&#8221;default&#8221; global_colors_info=&#8221;{}&#8221;][\/dvmd_table_maker_item][dvmd_table_maker_item col_label=&#8221;4&#8243; col_content=&#8221;25.7. \u2013 20.8.<br \/>\n252,00<br \/>\n296,00&#8243; _builder_version=&#8221;4.27.5&#8243; _module_preset=&#8221;default&#8221; global_colors_info=&#8221;{}&#8221;][\/dvmd_table_maker_item][\/dvmd_table_maker][et_pb_button button_url=&#8221;https:\/\/secure.phobs.net\/book.php?company_id=3e2043935f41b62b3e544a7c5ac96332&#038;hotel=b1ce4da3b9de582bd6b2ee2fe469972d&#038;date=2026-11-01&#038;nights=1&#038;lang=it&#038;rate=RATE231990&#038;cookie_consent=1&#8243; url_new_window=&#8221;on&#8221; button_text=&#8221;PRENOTA ORA&#8221; _builder_version=&#8221;4.27.5&#8243; _module_preset=&#8221;967899fe-a59a-409b-bce6-9b9632b8e52c&#8221; hover_enabled=&#8221;0&#8243; locked=&#8221;off&#8221; global_colors_info=&#8221;{%22gcid-4abf9d1a-e699-4c6f-83f2-4facf985ad72%22:%91%22button_text_color__hover%22%93}&#8221; sticky_enabled=&#8221;0&#8243;][\/et_pb_button][et_pb_text admin_label=&#8221;Napomena&#8221; _builder_version=&#8221;4.27.5&#8243; _module_preset=&#8221;default&#8221; text_font=&#8221;||||||||&#8221; text_letter_spacing=&#8221;0.03em&#8221; text_line_height=&#8221;2em&#8221; locked=&#8221;off&#8221; global_colors_info=&#8221;{}&#8221;]Nei prezzi indicati sono inclusi:<\/p>\n<ol>\n<li>internet WLAN nell\u2019edificio centrale e nella d\u00e9pendance,<\/li>\n<li>tassa turistica,<\/li>\n<li>IVA.<\/li>\n<\/ol>\n<p>[\/et_pb_text][et_pb_text _builder_version=&#8221;4.16&#8243; _module_preset=&#8221;default&#8221; text_letter_spacing=&#8221;0.03em&#8221; text_line_height=&#8221;2em&#8221; locked=&#8221;off&#8221; global_colors_info=&#8221;{}&#8221;]I prezzi sono indicati per camera e per giorno in euro e si riferiscono all\u2019edificio principale. Ogni camera dispone di bagno, climatizzatore, telefono, TV satellitare, minibar e balcone.<br \/>\n[\/et_pb_text][\/et_pb_column][et_pb_column type=&#8221;1_3&#8243; _builder_version=&#8221;4.16&#8243; _module_preset=&#8221;default&#8221; global_colors_info=&#8221;{}&#8221;][et_pb_accordion open_toggle_text_color=&#8221;gcid-8e1839f3-589a-4047-9327-56da17671271&#8243; icon_color=&#8221;gcid-aa7253d2-77e5-4d7f-92d3-ac591879ed30&#8243; use_icon_font_size=&#8221;on&#8221; admin_label=&#8221;Napomene + Transfer gostiju&#8221; _builder_version=&#8221;4.27.5&#8243; _module_preset=&#8221;default&#8221; toggle_text_color=&#8221;gcid-aa7253d2-77e5-4d7f-92d3-ac591879ed30&#8243; toggle_font=&#8221;|700||on|||||&#8221; body_font_size=&#8221;14px&#8221; body_letter_spacing=&#8221;0.03em&#8221; custom_margin=&#8221;||||false|false&#8221; border_width_all=&#8221;0px&#8221; saved_tabs=&#8221;all&#8221; locked=&#8221;off&#8221; global_colors_info=&#8221;{%22gcid-aa7253d2-77e5-4d7f-92d3-ac591879ed30%22:%91%22icon_color%22,%22toggle_text_color%22%93,%22gcid-8e1839f3-589a-4047-9327-56da17671271%22:%91%22icon_color__hover%22,%22toggle_text_color__hover%22,%22open_toggle_text_color%22%93,%22gcid-15be7f10-44fe-47d7-8b6a-63cddb76816b%22:%91%93}&#8221; icon_color__hover_enabled=&#8221;on|hover&#8221; icon_color__hover=&#8221;#16141c&#8221; toggle_text_color__hover_enabled=&#8221;on|hover&#8221; toggle_text_color__hover=&#8221;#16141c&#8221;][et_pb_accordion_item title=&#8221;Note&#8221; open=&#8221;on&#8221; open_toggle_text_color=&#8221;gcid-8e1839f3-589a-4047-9327-56da17671271&#8243; closed_toggle_text_color=&#8221;gcid-aa7253d2-77e5-4d7f-92d3-ac591879ed30&#8243; icon_color=&#8221;gcid-8e1839f3-589a-4047-9327-56da17671271&#8243; use_icon_font_size=&#8221;on&#8221; _builder_version=&#8221;4.27.5&#8243; _module_preset=&#8221;default&#8221; body_letter_spacing=&#8221;0.03em&#8221; custom_margin=&#8221;||0px||false|false&#8221; global_colors_info=&#8221;{%22gcid-8e1839f3-589a-4047-9327-56da17671271%22:%91%22icon_color%22,%22open_toggle_text_color%22,%22closed_toggle_text_color__hover%22%93,%22gcid-aa7253d2-77e5-4d7f-92d3-ac591879ed30%22:%91%22closed_toggle_text_color%22%93}&#8221; closed_toggle_text_color__hover_enabled=&#8221;on|hover&#8221; closed_toggle_text_color__hover=&#8221;#16141c&#8221;]<\/p>\n<ul>\n<li><strong>\u201cEarly bird\u201d: 10% di sconto<\/strong> \u2013 valido per le prenotazioni effettuate <strong>entro il 31\/1\/2026:<\/strong><\/li>\n<li>Bambino fino a 3 (2,99) anni: <strong>gratis<\/strong>.<\/li>\n<li>L&#8217;uso del Centro Wellness &amp; SPA per gli ospiti dell&#8217;hotel: 1<strong>5,00 euro per persona per un massimo di tre ore<\/strong> (i bambini fino ai 12 anni possono entrare gratuitamente nella piscina solo se accompagnati da un adulto)<\/li>\n<li>Animali da compagnia per giorno: <strong>10,00 euro.<\/strong><\/li>\n<li>Culla per giorno (esclusivamente su precedente richiesta): <strong>10,00 euro.<\/strong><\/li>\n<\/ul>\n<p>[\/et_pb_accordion_item][et_pb_accordion_item title=&#8221;Vantaggi&#8221; _builder_version=&#8221;4.22.2&#8243; _module_preset=&#8221;default&#8221; custom_margin=&#8221;||0px||false|false&#8221; global_colors_info=&#8221;{}&#8221; open=&#8221;off&#8221;]<\/p>\n<ul>\n<li><strong>Per i soggiorni ininterrotti di:<\/strong>\n<ul>\n<li><strong>almeno 7 notti all\u2019Hotel Kimen<\/strong> concediamo uno sconto pari al prezzo del biglietto del traghetto di sola andata per l\u2019isola di Cherso (Cres)<\/li>\n<li><strong>almeno 14 notti all\u2019Hotel Kimen<\/strong> concediamo uno sconto pari al prezzo del biglietto del traghetto di andata e ritorno per l\u2019isola di Cherso (Cres)<\/li>\n<\/ul>\n<\/li>\n<li>Lo sconto \u201ctraghetto\u201d \u00e8 utilizzabile esclusivamente consegnando il biglietto del traghetto alla reception dell\u2019Hotel Kimen. Lo sconto \u00e8 valido soltanto per i traghetti Brestova \u2013 Porozina e Valbiska- Merag.<\/li>\n<\/ul>\n<p>[\/et_pb_accordion_item][et_pb_accordion_item title=&#8221;Sconti stagionali&#8221; _builder_version=&#8221;4.27.5&#8243; _module_preset=&#8221;default&#8221; custom_margin=&#8221;||0px||false|false&#8221; global_colors_info=&#8221;{}&#8221; open=&#8221;off&#8221;]<strong>Dal 27\/3 al 27\/6\/2026 (giorno della partenza) e dal 7\/9 al 2\/11\/2026:<\/strong><\/p>\n<ul>\n<li>soggiornate per 7 notti = pagate per 6 notti<\/li>\n<li>soggiornate per 14 notti = pagate per 12 notti<\/li>\n<\/ul>\n<p>[\/et_pb_accordion_item][et_pb_accordion_item title=&#8221;Transporto degli ospiti&#8221; _builder_version=&#8221;4.25.1&#8243; _module_preset=&#8221;default&#8221; custom_margin=&#8221;||0px||false|false&#8221; border_width_all=&#8221;0px&#8221; global_colors_info=&#8221;{}&#8221; open=&#8221;off&#8221;]<\/p>\n<ul>\n<li>Per tutti gli ospiti del nostro hotel organizziamo il trasporto dall\u2019aeroporto di Veglia (Krk) fino alla struttura e indietro al prezzo di <strong>135,00 euro a persona<\/strong>, e dall\u2019aeroporto di Pola (Pula) fino alla struttura e indietro al prezzo di <strong>165,00 euro a persona.<\/strong><\/li>\n<li>\u00c8 necessario pagare il costo del trasporto in anticipo. Siete pregati di prenotare il trasporto con un anticipo di almeno 14 giorni.<\/li>\n<\/ul>\n<p>[\/et_pb_accordion_item][\/et_pb_accordion][\/et_pb_column][\/et_pb_row][\/et_pb_section][et_pb_section fb_built=&#8221;1&#8243; fullwidth=&#8221;on&#8221; admin_label=&#8221;Obiteljska soba galerija&#8221; _builder_version=&#8221;4.16&#8243; _module_preset=&#8221;default&#8221; collapsed=&#8221;on&#8221; global_colors_info=&#8221;{}&#8221;][et_pb_fullwidth_slider arrows_custom_color=&#8221;#f6f6f3&#8243; dot_nav_custom_color=&#8221;#0670b0&#8243; _builder_version=&#8221;4.16&#8243; _module_preset=&#8221;default&#8221; min_height=&#8221;800px&#8221; min_height_tablet=&#8221;&#8221; min_height_phone=&#8221;395px&#8221; min_height_last_edited=&#8221;on|phone&#8221; auto=&#8221;on&#8221; auto_speed=&#8221;5000&#8243; global_colors_info=&#8221;{}&#8221; arrows_custom_color__hover=&#8221;#0670b0&#8243; arrows_custom_color__hover_enabled=&#8221;on|hover&#8221;][et_pb_slide _builder_version=&#8221;4.16&#8243; _module_preset=&#8221;default&#8221; background_image=&#8221;https:\/\/www.hotel-kimen.com\/wp-content\/uploads\/2021\/03\/Dvokrevetna-soba-morska-strana-Hotel-Kimen-Cres.jpg&#8221; background_enable_image=&#8221;on&#8221; global_colors_info=&#8221;{}&#8221; sticky_transition=&#8221;on&#8221;][\/et_pb_slide][et_pb_slide _builder_version=&#8221;4.16&#8243; _module_preset=&#8221;default&#8221; background_image=&#8221;https:\/\/www.hotel-kimen.com\/wp-content\/uploads\/2021\/03\/Dvokrevetna-soba-pogled-Hotel-Kimen-Cres.jpg&#8221; background_enable_image=&#8221;on&#8221; global_colors_info=&#8221;{}&#8221; sticky_transition=&#8221;on&#8221;][\/et_pb_slide][et_pb_slide _builder_version=&#8221;4.16&#8243; _module_preset=&#8221;default&#8221; background_image=&#8221;https:\/\/www.hotel-kimen.com\/wp-content\/uploads\/2021\/03\/Jednokrevetna-soba-gost-Hotel-Kimen-Cres.jpg&#8221; background_enable_image=&#8221;on&#8221; global_colors_info=&#8221;{}&#8221; sticky_transition=&#8221;on&#8221;][\/et_pb_slide][\/et_pb_fullwidth_slider][\/et_pb_section][et_pb_section fb_built=&#8221;1&#8243; admin_label=&#8221;Obiteljska soba opis&#8221; _builder_version=&#8221;4.16&#8243; _module_preset=&#8221;default&#8221; background_color=&#8221;rgba(0,0,0,0)&#8221; collapsed=&#8221;on&#8221; global_colors_info=&#8221;{}&#8221;][et_pb_row use_custom_gutter=&#8221;on&#8221; gutter_width=&#8221;4&#8243; make_equal=&#8221;on&#8221; custom_padding_last_edited=&#8221;on|phone&#8221; _builder_version=&#8221;4.16&#8243; _module_preset=&#8221;default&#8221; background_color=&#8221;rgba(0,0,0,0)&#8221; z_index=&#8221;100&#8243; width_tablet=&#8221;&#8221; width_phone=&#8221;90%&#8221; width_last_edited=&#8221;on|phone&#8221; custom_margin=&#8221;-350px||||false|false&#8221; custom_margin_tablet=&#8221;&#8221; custom_margin_phone=&#8221;-200px||||false|false&#8221; custom_margin_last_edited=&#8221;on|phone&#8221; custom_padding=&#8221;2vw|4vw|2vw|4vw|false|false&#8221; custom_padding_tablet=&#8221;&#8221; custom_padding_phone=&#8221;0vw|4vw|0vw|4vw|true|false&#8221; custom_css_main_element=&#8221;align-items: center;&#8221; collapsed=&#8221;on&#8221; global_colors_info=&#8221;{}&#8221;][et_pb_column type=&#8221;4_4&#8243; _builder_version=&#8221;4.16&#8243; _module_preset=&#8221;default&#8221; global_colors_info=&#8221;{}&#8221;][et_pb_text admin_label=&#8221;Naslov&#8221; _builder_version=&#8221;4.16&#8243; _module_preset=&#8221;default&#8221; header_font=&#8221;|300|||||||&#8221; header_text_color=&#8221;#f6f6f3&#8243; header_2_font=&#8221;|300|||||||&#8221; header_2_text_color=&#8221;#f6f6f3&#8243; header_2_font_size=&#8221;61px&#8221; header_2_font_size_tablet=&#8221;&#8221; header_2_font_size_phone=&#8221;3em&#8221; header_2_font_size_last_edited=&#8221;on|phone&#8221; global_colors_info=&#8221;{}&#8221;]<\/p>\n<h2>Camera famigliare<\/h2>\n<p>[\/et_pb_text][\/et_pb_column][\/et_pb_row][et_pb_row column_structure=&#8221;2_3,1_3&#8243; use_custom_gutter=&#8221;on&#8221; gutter_width=&#8221;2&#8243; _builder_version=&#8221;4.16&#8243; _module_preset=&#8221;default&#8221; background_color=&#8221;#f6f6f3&#8243; z_index=&#8221;99&#8243; width_tablet=&#8221;&#8221; width_phone=&#8221;90%&#8221; width_last_edited=&#8221;on|phone&#8221; custom_margin=&#8221;||||false|false&#8221; custom_padding=&#8221;4vw|4vw||4vw|false|false&#8221; box_shadow_style=&#8221;preset1&#8243; box_shadow_vertical=&#8221;-25px&#8221; box_shadow_spread=&#8221;-10px&#8221; collapsed=&#8221;off&#8221; global_colors_info=&#8221;{}&#8221;][et_pb_column type=&#8221;2_3&#8243; _builder_version=&#8221;4.16&#8243; _module_preset=&#8221;default&#8221; global_colors_info=&#8221;{}&#8221;][et_pb_text admin_label=&#8221;Opis sobe&#8221; _builder_version=&#8221;4.18.0&#8243; _module_preset=&#8221;default&#8221; text_font=&#8221;|300|||||||&#8221; text_font_size=&#8221;24px&#8221; text_letter_spacing=&#8221;0.03em&#8221; text_line_height=&#8221;1.4em&#8221; text_font_size_tablet=&#8221;&#8221; text_font_size_phone=&#8221;21px&#8221; text_font_size_last_edited=&#8221;on|phone&#8221; global_colors_info=&#8221;{}&#8221;]Due camere doppie con porta comunicante per 2 adulti e due bambini fino ai 16 anni.<br \/>\n[\/et_pb_text][et_pb_divider show_divider=&#8221;off&#8221; _builder_version=&#8221;4.16&#8243; _module_preset=&#8221;default&#8221; global_colors_info=&#8221;{}&#8221;][\/et_pb_divider][dvmd_table_maker tbl_title_text=&#8221;Camera famigliare&#8221; tbl_description_text=&#8221;2 ADULTI E DUE BAMBINI FINO A 16 (15,99) ANNI &#8211; LATO PARCO&#8221; admin_label=&#8221;Cjenik: Obiteljska soba&#8221; _builder_version=&#8221;4.27.5&#8243; _module_preset=&#8221;a369861e-77b5-40f4-b676-34b5913d0b22&#8243; locked=&#8221;off&#8221; global_colors_info=&#8221;{%22gcid-8e1839f3-589a-4047-9327-56da17671271%22:%91%22tbl_chead_text_text_color%22,%22tbl_rhead_text_text_color%22,%22tbl_chead_text_text_color%22,%22tbl_rhead_text_text_color%22,%22tbl_chead_text_text_color%22,%22tbl_rhead_text_text_color%22%93,%22gcid-d6dd4194-7494-4a77-8e31-50e28853b2d1%22:%91%22tbl_chead_cell_color%22,%22tbl_rhead_cell_color%22,%22tbl_chead_cell_color%22,%22tbl_rhead_cell_color%22,%22tbl_chead_cell_color%22,%22tbl_rhead_cell_color%22%93,%22gcid-458a16e2-60bf-4338-bc12-30dfbcdd18cb%22:%91%22tbl_tcell_cell_color%22,%22tbl_tcell_cell_color%22,%22tbl_tcell_cell_color%22%93}&#8221;][dvmd_table_maker_item col_label=&#8221;Godina&#8221; col_content=&#8221;<strong>LISTINO PREZZI 2026<\/strong><br \/>\nPrenottamento \/ Colazione<br \/>\nMezza pensione&#8221; col_column_min_width=&#8221;25%&#8221; _builder_version=&#8221;4.27.5&#8243; _module_preset=&#8221;default&#8221; global_colors_info=&#8221;{}&#8221;][\/dvmd_table_maker_item][dvmd_table_maker_item col_label=&#8221;1&#8243; col_content=&#8221;27.3. \u2013 12.5.<br \/>19.9. \u2013 2.11.<br \/>\n166,00<br \/>\n223,00&#8243; _builder_version=&#8221;4.27.5&#8243; _module_preset=&#8221;default&#8221; global_colors_info=&#8221;{}&#8221;][\/dvmd_table_maker_item][dvmd_table_maker_item col_label=&#8221;2&#8243; col_content=&#8221;13.5. \u2013 19.6.<br \/>5.9. \u2013 18.9.<br \/>23.12.26 \u2013 3.1.27<br \/>\n227,00<br \/>\n283,00&#8243; _builder_version=&#8221;4.27.5&#8243; _module_preset=&#8221;default&#8221; global_colors_info=&#8221;{}&#8221;][\/dvmd_table_maker_item][dvmd_table_maker_item col_label=&#8221;3&#8243; col_content=&#8221;20.6. \u2013 24.7.<br \/>21.8. \u2013 4.9.<br \/>\n309,00<br \/>\n365,00&#8243; _builder_version=&#8221;4.27.5&#8243; _module_preset=&#8221;default&#8221; global_colors_info=&#8221;{}&#8221;][\/dvmd_table_maker_item][dvmd_table_maker_item col_label=&#8221;4&#8243; col_content=&#8221;25.7. \u2013 20.8.<br \/>\n351,00<br \/>\n407,00&#8243; _builder_version=&#8221;4.27.5&#8243; _module_preset=&#8221;default&#8221; global_colors_info=&#8221;{}&#8221;][\/dvmd_table_maker_item][\/dvmd_table_maker][et_pb_button url_new_window=&#8221;on&#8221; button_text=&#8221;Invia richiesta&#8221; _builder_version=&#8221;4.24.2&#8243; _module_preset=&#8221;967899fe-a59a-409b-bce6-9b9632b8e52c&#8221; dsm_modules_popup=&#8221;on&#8221; dsm_modules_popup_library=&#8221;18715&#8243; dsm_modules_popup_close_trigger=&#8221;false&#8221; dsm_modules_close_icon_color=&#8221;gcid-9091004d-a998-4426-aa9b-cdea49f716dc&#8221; locked=&#8221;off&#8221; global_colors_info=&#8221;{%22gcid-4abf9d1a-e699-4c6f-83f2-4facf985ad72%22:%91%22button_text_color__hover%22%93,%22gcid-24f82578-c4f2-45d7-bc66-9cfac0f235fb%22:%91%22button_bg_color__hover%22%93,%22gcid-9091004d-a998-4426-aa9b-cdea49f716dc%22:%91%22dsm_modules_close_icon_color%22%93}&#8221;][\/et_pb_button][et_pb_text admin_label=&#8221;Napomena&#8221; _builder_version=&#8221;4.27.5&#8243; _module_preset=&#8221;default&#8221; text_font=&#8221;||||||||&#8221; text_letter_spacing=&#8221;0.03em&#8221; text_line_height=&#8221;2em&#8221; locked=&#8221;off&#8221; global_colors_info=&#8221;{}&#8221;]Nei prezzi indicati sono inclusi:<\/p>\n<ol>\n<li>internet WLAN nell\u2019edificio centrale e nella d\u00e9pendance,<\/li>\n<li>tassa turistica,<\/li>\n<li>IVA.<\/li>\n<\/ol>\n<p>[\/et_pb_text][et_pb_text _builder_version=&#8221;4.16&#8243; _module_preset=&#8221;default&#8221; text_letter_spacing=&#8221;0.03em&#8221; text_line_height=&#8221;2em&#8221; locked=&#8221;off&#8221; global_colors_info=&#8221;{}&#8221;]I prezzi sono indicati per camera e per giorno in euro e si riferiscono all\u2019edificio principale. Ogni camera dispone di bagno, climatizzatore, telefono, TV satellitare, minibar e balcone.<br \/>\n[\/et_pb_text][\/et_pb_column][et_pb_column type=&#8221;1_3&#8243; _builder_version=&#8221;4.16&#8243; _module_preset=&#8221;default&#8221; global_colors_info=&#8221;{}&#8221;][et_pb_accordion open_toggle_text_color=&#8221;gcid-8e1839f3-589a-4047-9327-56da17671271&#8243; icon_color=&#8221;gcid-aa7253d2-77e5-4d7f-92d3-ac591879ed30&#8243; use_icon_font_size=&#8221;on&#8221; admin_label=&#8221;Napomene + Transfer gostiju&#8221; _builder_version=&#8221;4.27.5&#8243; _module_preset=&#8221;default&#8221; toggle_text_color=&#8221;gcid-aa7253d2-77e5-4d7f-92d3-ac591879ed30&#8243; toggle_font=&#8221;|700||on|||||&#8221; body_font_size=&#8221;14px&#8221; body_letter_spacing=&#8221;0.03em&#8221; custom_margin=&#8221;||||false|false&#8221; border_width_all=&#8221;0px&#8221; saved_tabs=&#8221;all&#8221; locked=&#8221;off&#8221; global_colors_info=&#8221;{%22gcid-aa7253d2-77e5-4d7f-92d3-ac591879ed30%22:%91%22icon_color%22,%22toggle_text_color%22%93,%22gcid-8e1839f3-589a-4047-9327-56da17671271%22:%91%22icon_color__hover%22,%22toggle_text_color__hover%22,%22open_toggle_text_color%22%93,%22gcid-15be7f10-44fe-47d7-8b6a-63cddb76816b%22:%91%93}&#8221; icon_color__hover_enabled=&#8221;on|hover&#8221; icon_color__hover=&#8221;#16141c&#8221; toggle_text_color__hover_enabled=&#8221;on|hover&#8221; toggle_text_color__hover=&#8221;#16141c&#8221;][et_pb_accordion_item title=&#8221;Note&#8221; open=&#8221;on&#8221; open_toggle_text_color=&#8221;gcid-8e1839f3-589a-4047-9327-56da17671271&#8243; closed_toggle_text_color=&#8221;gcid-aa7253d2-77e5-4d7f-92d3-ac591879ed30&#8243; icon_color=&#8221;gcid-8e1839f3-589a-4047-9327-56da17671271&#8243; use_icon_font_size=&#8221;on&#8221; _builder_version=&#8221;4.27.5&#8243; _module_preset=&#8221;default&#8221; body_letter_spacing=&#8221;0.03em&#8221; custom_margin=&#8221;||0px||false|false&#8221; global_colors_info=&#8221;{%22gcid-8e1839f3-589a-4047-9327-56da17671271%22:%91%22icon_color%22,%22open_toggle_text_color%22,%22closed_toggle_text_color__hover%22%93,%22gcid-aa7253d2-77e5-4d7f-92d3-ac591879ed30%22:%91%22closed_toggle_text_color%22%93}&#8221; closed_toggle_text_color__hover_enabled=&#8221;on|hover&#8221; closed_toggle_text_color__hover=&#8221;#16141c&#8221;]<\/p>\n<ul>\n<li><strong>\u201cEarly bird\u201d: 10% di sconto<\/strong> \u2013 valido per le prenotazioni effettuate <strong>entro il 31\/1\/2026:<\/strong><\/li>\n<li>Bambino fino a 3 (2,99) anni: <strong>gratis<\/strong>.<\/li>\n<li>L&#8217;uso del Centro Wellness &amp; SPA per gli ospiti dell&#8217;hotel: 1<strong>5,00 euro per persona per un massimo di tre ore<\/strong> (i bambini fino ai 12 anni possono entrare gratuitamente nella piscina solo se accompagnati da un adulto)<\/li>\n<li>Animali da compagnia per giorno: <strong>10,00 euro.<\/strong><\/li>\n<li>Culla per giorno (esclusivamente su precedente richiesta): <strong>10,00 euro.<\/strong><\/li>\n<\/ul>\n<p>[\/et_pb_accordion_item][et_pb_accordion_item title=&#8221;Vantaggi&#8221; _builder_version=&#8221;4.22.2&#8243; _module_preset=&#8221;default&#8221; custom_margin=&#8221;||0px||false|false&#8221; global_colors_info=&#8221;{}&#8221;]<\/p>\n<ul>\n<li><strong>Per i soggiorni ininterrotti di:<\/strong>\n<ul>\n<li><strong>almeno 7 notti all\u2019Hotel Kimen<\/strong> concediamo uno sconto pari al prezzo del biglietto del traghetto di sola andata per l\u2019isola di Cherso (Cres)<\/li>\n<li><strong>almeno 14 notti all\u2019Hotel Kimen<\/strong> concediamo uno sconto pari al prezzo del biglietto del traghetto di andata e ritorno per l\u2019isola di Cherso (Cres)<\/li>\n<\/ul>\n<\/li>\n<li>Lo sconto \u201ctraghetto\u201d \u00e8 utilizzabile esclusivamente consegnando il biglietto del traghetto alla reception dell\u2019Hotel Kimen. Lo sconto \u00e8 valido soltanto per i traghetti Brestova \u2013 Porozina e Valbiska- Merag.<\/li>\n<\/ul>\n<p>[\/et_pb_accordion_item][et_pb_accordion_item title=&#8221;Sconti stagionali&#8221; _builder_version=&#8221;4.27.5&#8243; _module_preset=&#8221;default&#8221; custom_margin=&#8221;||0px||false|false&#8221; global_colors_info=&#8221;{}&#8221;]<strong>Dal 27\/3 al 27\/6\/2026 (giorno della partenza) e dal 7\/9 al 2\/11\/2026:<\/strong><\/p>\n<ul>\n<li>soggiornate per 7 notti = pagate per 6 notti<\/li>\n<li>soggiornate per 14 notti = pagate per 12 notti<\/li>\n<\/ul>\n<p>[\/et_pb_accordion_item][et_pb_accordion_item title=&#8221;Transporto degli ospiti&#8221; _builder_version=&#8221;4.25.1&#8243; _module_preset=&#8221;default&#8221; custom_margin=&#8221;||0px||false|false&#8221; border_width_all=&#8221;0px&#8221; global_colors_info=&#8221;{}&#8221;]<\/p>\n<ul>\n<li>Per tutti gli ospiti del nostro hotel organizziamo il trasporto dall\u2019aeroporto di Veglia (Krk) fino alla struttura e indietro al prezzo di <strong>135,00 euro a persona<\/strong>, e dall\u2019aeroporto di Pola (Pula) fino alla struttura e indietro al prezzo di <strong>165,00 euro a persona.<\/strong><\/li>\n<li>\u00c8 necessario pagare il costo del trasporto in anticipo. Siete pregati di prenotare il trasporto con un anticipo di almeno 14 giorni.<\/li>\n<\/ul>\n<p>[\/et_pb_accordion_item][\/et_pb_accordion][\/et_pb_column][\/et_pb_row][\/et_pb_section][et_pb_section fb_built=&#8221;1&#8243; fullwidth=&#8221;on&#8221; admin_label=&#8221;Senior Suite galerija&#8221; _builder_version=&#8221;4.16&#8243; _module_preset=&#8221;default&#8221; collapsed=&#8221;on&#8221; global_colors_info=&#8221;{}&#8221;][et_pb_fullwidth_slider arrows_custom_color=&#8221;#f6f6f3&#8243; dot_nav_custom_color=&#8221;#0670b0&#8243; _builder_version=&#8221;4.16&#8243; _module_preset=&#8221;default&#8221; min_height=&#8221;800px&#8221; min_height_tablet=&#8221;&#8221; min_height_phone=&#8221;63vh&#8221; min_height_last_edited=&#8221;on|phone&#8221; auto=&#8221;on&#8221; auto_speed=&#8221;5000&#8243; global_colors_info=&#8221;{}&#8221; arrows_custom_color__hover=&#8221;#0670b0&#8243; arrows_custom_color__hover_enabled=&#8221;on|hover&#8221;][et_pb_slide _builder_version=&#8221;4.16&#8243; _module_preset=&#8221;default&#8221; background_image=&#8221;https:\/\/www.hotel-kimen.com\/wp-content\/uploads\/2021\/03\/Senior-suite-pogled-iz-sobe-Hotel-Kimen-Cres.jpg&#8221; background_enable_image=&#8221;on&#8221; global_colors_info=&#8221;{}&#8221; sticky_transition=&#8221;on&#8221;][\/et_pb_slide][et_pb_slide _builder_version=&#8221;4.16&#8243; _module_preset=&#8221;default&#8221; background_image=&#8221;https:\/\/www.hotel-kimen.com\/wp-content\/uploads\/2021\/03\/Senior-suite-pogled-iz-kupaonice-Hotel-Kimen-Cres.jpg&#8221; background_enable_image=&#8221;on&#8221; global_colors_info=&#8221;{}&#8221; sticky_transition=&#8221;on&#8221;][\/et_pb_slide][et_pb_slide _builder_version=&#8221;4.16&#8243; _module_preset=&#8221;default&#8221; background_image=&#8221;https:\/\/www.hotel-kimen.com\/wp-content\/uploads\/2021\/03\/Senior-suite-Hotel-Kimen-Cres.jpg&#8221; background_enable_image=&#8221;on&#8221; global_colors_info=&#8221;{}&#8221; sticky_transition=&#8221;on&#8221;][\/et_pb_slide][et_pb_slide _builder_version=&#8221;4.16&#8243; _module_preset=&#8221;default&#8221; background_image=&#8221;https:\/\/www.hotel-kimen.com\/wp-content\/uploads\/2021\/03\/Senior-suite-kupaonica-Hotel-Kimen-Cres.jpg&#8221; background_enable_image=&#8221;on&#8221; global_colors_info=&#8221;{}&#8221; sticky_transition=&#8221;on&#8221;][\/et_pb_slide][et_pb_slide _builder_version=&#8221;4.16&#8243; _module_preset=&#8221;default&#8221; background_image=&#8221;https:\/\/www.hotel-kimen.com\/wp-content\/uploads\/2021\/03\/Senior-suite-detalj-iz-kupaonice-Hotel-Kimen-Cres.jpg&#8221; background_enable_image=&#8221;on&#8221; global_colors_info=&#8221;{}&#8221; sticky_transition=&#8221;on&#8221;][\/et_pb_slide][\/et_pb_fullwidth_slider][\/et_pb_section][et_pb_section fb_built=&#8221;1&#8243; admin_label=&#8221;Seanior Suite&#8221; _builder_version=&#8221;4.16&#8243; _module_preset=&#8221;default&#8221; background_color=&#8221;rgba(0,0,0,0)&#8221; collapsed=&#8221;off&#8221; global_colors_info=&#8221;{}&#8221;][et_pb_row use_custom_gutter=&#8221;on&#8221; gutter_width=&#8221;4&#8243; make_equal=&#8221;on&#8221; _builder_version=&#8221;4.16&#8243; _module_preset=&#8221;default&#8221; background_color=&#8221;rgba(0,0,0,0)&#8221; z_index=&#8221;100&#8243; width_tablet=&#8221;&#8221; width_phone=&#8221;90%&#8221; width_last_edited=&#8221;on|phone&#8221; custom_margin=&#8221;-350px||||false|false&#8221; custom_margin_tablet=&#8221;&#8221; custom_margin_phone=&#8221;-180px||||false|false&#8221; custom_margin_last_edited=&#8221;on|phone&#8221; custom_padding=&#8221;2vw|4vw|2vw|4vw|false|false&#8221; custom_css_main_element=&#8221;align-items: center;&#8221; collapsed=&#8221;on&#8221; global_colors_info=&#8221;{}&#8221;][et_pb_column type=&#8221;4_4&#8243; _builder_version=&#8221;4.16&#8243; _module_preset=&#8221;default&#8221; global_colors_info=&#8221;{}&#8221;][et_pb_text admin_label=&#8221;Naslov&#8221; _builder_version=&#8221;4.16&#8243; _module_preset=&#8221;default&#8221; header_font=&#8221;|300|||||||&#8221; header_text_color=&#8221;#f6f6f3&#8243; header_2_font=&#8221;|300|||||||&#8221; header_2_text_color=&#8221;#f6f6f3&#8243; header_2_font_size=&#8221;61px&#8221; header_2_font_size_tablet=&#8221;&#8221; header_2_font_size_phone=&#8221;3em&#8221; header_2_font_size_last_edited=&#8221;on|phone&#8221; global_colors_info=&#8221;{}&#8221;]<\/p>\n<h2>Senior Suite<\/h2>\n<p>[\/et_pb_text][\/et_pb_column][\/et_pb_row][et_pb_row column_structure=&#8221;2_3,1_3&#8243; use_custom_gutter=&#8221;on&#8221; gutter_width=&#8221;2&#8243; _builder_version=&#8221;4.16&#8243; _module_preset=&#8221;default&#8221; background_color=&#8221;#f6f6f3&#8243; z_index=&#8221;99&#8243; width_tablet=&#8221;&#8221; width_phone=&#8221;90%&#8221; width_last_edited=&#8221;on|phone&#8221; custom_margin=&#8221;||||false|false&#8221; custom_padding=&#8221;4vw|4vw||4vw|false|false&#8221; box_shadow_style=&#8221;preset1&#8243; box_shadow_vertical=&#8221;-25px&#8221; box_shadow_spread=&#8221;-10px&#8221; collapsed=&#8221;on&#8221; global_colors_info=&#8221;{}&#8221;][et_pb_column type=&#8221;2_3&#8243; _builder_version=&#8221;4.16&#8243; _module_preset=&#8221;default&#8221; global_colors_info=&#8221;{}&#8221;][et_pb_text admin_label=&#8221;Opis sobe&#8221; _builder_version=&#8221;4.16&#8243; _module_preset=&#8221;default&#8221; text_font=&#8221;|300|||||||&#8221; text_font_size=&#8221;24px&#8221; text_letter_spacing=&#8221;0.03em&#8221; text_line_height=&#8221;1.4em&#8221; text_font_size_tablet=&#8221;&#8221; text_font_size_phone=&#8221;21px&#8221; text_font_size_last_edited=&#8221;on|phone&#8221; global_colors_info=&#8221;{}&#8221; text_line_height__hover_enabled=&#8221;off|desktop&#8221;]Appartamento d\u2019hotel con soggiorno, camera da letto, due balconi con vista mare e due bagni di cui uno con idromassaggio.<br \/>\n[\/et_pb_text][et_pb_divider show_divider=&#8221;off&#8221; _builder_version=&#8221;4.23&#8243; _module_preset=&#8221;default&#8221; global_colors_info=&#8221;{}&#8221;][\/et_pb_divider][dvmd_table_maker tbl_title_text=&#8221;SENIOR SUITE&#8221; tbl_description_text=&#8221;PER DUE PERSONE &#8211; LATO MARE&#8221; admin_label=&#8221;Cjenik: Senior suite (za 2 osobe)%22&#8243; _builder_version=&#8221;4.27.5&#8243; _module_preset=&#8221;a369861e-77b5-40f4-b676-34b5913d0b22&#8243; locked=&#8221;off&#8221; global_colors_info=&#8221;{%22gcid-d6dd4194-7494-4a77-8e31-50e28853b2d1%22:%91%22tbl_chead_cell_color%22,%22tbl_rhead_cell_color%22,%22tbl_chead_cell_color%22,%22tbl_rhead_cell_color%22,%22tbl_chead_cell_color%22,%22tbl_rhead_cell_color%22,%22tbl_chead_cell_color%22,%22tbl_rhead_cell_color%22,%22tbl_chead_cell_color%22,%22tbl_rhead_cell_color%22,%22tbl_chead_cell_color%22,%22tbl_rhead_cell_color%22,%22tbl_chead_cell_color%22,%22tbl_rhead_cell_color%22,%22tbl_chead_cell_color%22,%22tbl_rhead_cell_color%22,%22tbl_chead_cell_color%22,%22tbl_rhead_cell_color%22,%22tbl_chead_cell_color%22,%22tbl_rhead_cell_color%22,%22tbl_chead_cell_color%22,%22tbl_rhead_cell_color%22,%22tbl_chead_cell_color%22,%22tbl_rhead_cell_color%22,%22tbl_chead_cell_color%22,%22tbl_rhead_cell_color%22,%22tbl_chead_cell_color%22,%22tbl_rhead_cell_color%22,%22tbl_chead_cell_color%22,%22tbl_rhead_cell_color%22,%22tbl_chead_cell_color%22,%22tbl_rhead_cell_color%22,%22tbl_chead_cell_color%22,%22tbl_rhead_cell_color%22,%22tbl_chead_cell_color%22,%22tbl_rhead_cell_color%22%93,%22gcid-6ebe976b-e1f1-4abe-93ce-2322f5d93fcf%22:%91%22tbl_tcell_cell_color%22%93}&#8221;][dvmd_table_maker_item col_label=&#8221;Godina&#8221; col_content=&#8221;<strong>LISTINO PREZZI 2026<\/strong><br \/>\nPrenottamento \/ Colazione<br \/>\nMezza pensione<br \/>\nColazione servita nella suite&#8221; col_column_min_width=&#8221;25%&#8221; _builder_version=&#8221;4.27.5&#8243; _module_preset=&#8221;default&#8221; global_colors_info=&#8221;{}&#8221;][\/dvmd_table_maker_item][dvmd_table_maker_item col_label=&#8221;1&#8243; col_content=&#8221;27.3. \u2013 12.5.<br \/>19.9. \u2013 2.11.<br \/>\n180,00<br \/>\n211,00<br \/>\n20,00&#8243; _builder_version=&#8221;4.27.5&#8243; _module_preset=&#8221;default&#8221; global_colors_info=&#8221;{}&#8221;][\/dvmd_table_maker_item][dvmd_table_maker_item col_label=&#8221;2&#8243; col_content=&#8221;13.5. \u2013 19.6.<br \/>5.9. \u2013 18.9.<br \/>23.12.26 \u2013 3.1.27<br \/>\n243,00<br \/>\n275,00<br \/>\n20,00&#8243; _builder_version=&#8221;4.27.5&#8243; _module_preset=&#8221;default&#8221; global_colors_info=&#8221;{}&#8221;][\/dvmd_table_maker_item][dvmd_table_maker_item col_label=&#8221;3&#8243; col_content=&#8221;20.6. \u2013 24.7.<br \/>21.8. \u2013 4.9.<br \/>\n275,00<br \/>\n307,00<br \/>\n30,00&#8243; _builder_version=&#8221;4.27.5&#8243; _module_preset=&#8221;default&#8221; global_colors_info=&#8221;{}&#8221;][\/dvmd_table_maker_item][dvmd_table_maker_item col_label=&#8221;4&#8243; col_content=&#8221;25.7. \u2013 20.8.<br \/>\n317,00<br \/>\n349,00<br \/>\n40,00&#8243; _builder_version=&#8221;4.27.5&#8243; _module_preset=&#8221;default&#8221; global_colors_info=&#8221;{}&#8221;][\/dvmd_table_maker_item][\/dvmd_table_maker][et_pb_button button_url=&#8221;https:\/\/secure.phobs.net\/book.php?company_id=3e2043935f41b62b3e544a7c5ac96332&#038;hotel=b1ce4da3b9de582bd6b2ee2fe469972d&#038;date=2026-11-01&#038;nights=1&#038;lang=it&#038;rate=RATE231990&#038;cookie_consent=1&#8243; url_new_window=&#8221;on&#8221; button_text=&#8221;PRENOTA ORA&#8221; _builder_version=&#8221;4.27.5&#8243; _module_preset=&#8221;967899fe-a59a-409b-bce6-9b9632b8e52c&#8221; hover_enabled=&#8221;0&#8243; locked=&#8221;off&#8221; global_colors_info=&#8221;{%22gcid-4abf9d1a-e699-4c6f-83f2-4facf985ad72%22:%91%22button_text_color__hover%22%93}&#8221; sticky_enabled=&#8221;0&#8243;][\/et_pb_button][et_pb_text admin_label=&#8221;Napomena&#8221; _builder_version=&#8221;4.27.5&#8243; _module_preset=&#8221;default&#8221; text_font=&#8221;||||||||&#8221; text_letter_spacing=&#8221;0.03em&#8221; text_line_height=&#8221;2em&#8221; locked=&#8221;off&#8221; global_colors_info=&#8221;{}&#8221;]Nei prezzi indicati sono inclusi:<\/p>\n<ol>\n<li>internet WLAN nell\u2019edificio centrale e nella d\u00e9pendance,<\/li>\n<li>tassa turistica,<\/li>\n<li>IVA.<\/li>\n<\/ol>\n<p>[\/et_pb_text][et_pb_text _builder_version=&#8221;4.16&#8243; _module_preset=&#8221;default&#8221; text_letter_spacing=&#8221;0.03em&#8221; text_line_height=&#8221;2em&#8221; locked=&#8221;off&#8221; global_colors_info=&#8221;{}&#8221;]I prezzi sono indicati per camera e per giorno in euro e si riferiscono all\u2019edificio principale. Ogni camera dispone di bagno, climatizzatore, telefono, TV satellitare, minibar e balcone.<br \/>\n[\/et_pb_text][\/et_pb_column][et_pb_column type=&#8221;1_3&#8243; _builder_version=&#8221;4.16&#8243; _module_preset=&#8221;default&#8221; global_colors_info=&#8221;{}&#8221;][et_pb_accordion open_toggle_text_color=&#8221;gcid-8e1839f3-589a-4047-9327-56da17671271&#8243; icon_color=&#8221;gcid-aa7253d2-77e5-4d7f-92d3-ac591879ed30&#8243; use_icon_font_size=&#8221;on&#8221; admin_label=&#8221;Napomene + Transfer gostiju&#8221; _builder_version=&#8221;4.27.5&#8243; _module_preset=&#8221;default&#8221; toggle_text_color=&#8221;gcid-aa7253d2-77e5-4d7f-92d3-ac591879ed30&#8243; toggle_font=&#8221;|700||on|||||&#8221; body_font_size=&#8221;14px&#8221; body_letter_spacing=&#8221;0.03em&#8221; custom_margin=&#8221;||||false|false&#8221; border_width_all=&#8221;0px&#8221; saved_tabs=&#8221;all&#8221; locked=&#8221;off&#8221; global_colors_info=&#8221;{%22gcid-aa7253d2-77e5-4d7f-92d3-ac591879ed30%22:%91%22icon_color%22,%22toggle_text_color%22%93,%22gcid-8e1839f3-589a-4047-9327-56da17671271%22:%91%22icon_color__hover%22,%22toggle_text_color__hover%22,%22open_toggle_text_color%22%93,%22gcid-15be7f10-44fe-47d7-8b6a-63cddb76816b%22:%91%93}&#8221; icon_color__hover_enabled=&#8221;on|hover&#8221; icon_color__hover=&#8221;#16141c&#8221; toggle_text_color__hover_enabled=&#8221;on|hover&#8221; toggle_text_color__hover=&#8221;#16141c&#8221;][et_pb_accordion_item title=&#8221;Note&#8221; open=&#8221;on&#8221; open_toggle_text_color=&#8221;gcid-8e1839f3-589a-4047-9327-56da17671271&#8243; closed_toggle_text_color=&#8221;gcid-aa7253d2-77e5-4d7f-92d3-ac591879ed30&#8243; icon_color=&#8221;gcid-8e1839f3-589a-4047-9327-56da17671271&#8243; use_icon_font_size=&#8221;on&#8221; _builder_version=&#8221;4.27.5&#8243; _module_preset=&#8221;default&#8221; body_letter_spacing=&#8221;0.03em&#8221; custom_margin=&#8221;||0px||false|false&#8221; global_colors_info=&#8221;{%22gcid-8e1839f3-589a-4047-9327-56da17671271%22:%91%22icon_color%22,%22open_toggle_text_color%22,%22closed_toggle_text_color__hover%22%93,%22gcid-aa7253d2-77e5-4d7f-92d3-ac591879ed30%22:%91%22closed_toggle_text_color%22%93}&#8221; closed_toggle_text_color__hover_enabled=&#8221;on|hover&#8221; closed_toggle_text_color__hover=&#8221;#16141c&#8221;]<\/p>\n<ul>\n<li><strong>\u201cEarly bird\u201d: 10% di sconto<\/strong> \u2013 valido per le prenotazioni effettuate <strong>entro il 31\/1\/2026:<\/strong><\/li>\n<li>Bambino fino a 3 (2,99) anni: <strong>gratis<\/strong>.<\/li>\n<li>L&#8217;uso del Centro Wellness &amp; SPA per gli ospiti dell&#8217;hotel: 1<strong>5,00 euro per persona per un massimo di tre ore<\/strong> (i bambini fino ai 12 anni possono entrare gratuitamente nella piscina solo se accompagnati da un adulto)<\/li>\n<li>Animali da compagnia per giorno: <strong>10,00 euro.<\/strong><\/li>\n<li>Culla per giorno (esclusivamente su precedente richiesta): <strong>10,00 euro.<\/strong><\/li>\n<\/ul>\n<p>[\/et_pb_accordion_item][et_pb_accordion_item title=&#8221;Vantaggi&#8221; _builder_version=&#8221;4.22.2&#8243; _module_preset=&#8221;default&#8221; custom_margin=&#8221;||0px||false|false&#8221; global_colors_info=&#8221;{}&#8221; open=&#8221;off&#8221;]<\/p>\n<ul>\n<li><strong>Per i soggiorni ininterrotti di:<\/strong>\n<ul>\n<li><strong>almeno 7 notti all\u2019Hotel Kimen<\/strong> concediamo uno sconto pari al prezzo del biglietto del traghetto di sola andata per l\u2019isola di Cherso (Cres)<\/li>\n<li><strong>almeno 14 notti all\u2019Hotel Kimen<\/strong> concediamo uno sconto pari al prezzo del biglietto del traghetto di andata e ritorno per l\u2019isola di Cherso (Cres)<\/li>\n<\/ul>\n<\/li>\n<li>Lo sconto \u201ctraghetto\u201d \u00e8 utilizzabile esclusivamente consegnando il biglietto del traghetto alla reception dell\u2019Hotel Kimen. Lo sconto \u00e8 valido soltanto per i traghetti Brestova \u2013 Porozina e Valbiska- Merag.<\/li>\n<\/ul>\n<p>[\/et_pb_accordion_item][et_pb_accordion_item title=&#8221;Sconti stagionali&#8221; _builder_version=&#8221;4.27.5&#8243; _module_preset=&#8221;default&#8221; custom_margin=&#8221;||0px||false|false&#8221; global_colors_info=&#8221;{}&#8221; open=&#8221;off&#8221;]<strong>Dal 27\/3 al 27\/6\/2026 (giorno della partenza) e dal 7\/9 al 2\/11\/2026:<\/strong><\/p>\n<ul>\n<li>soggiornate per 7 notti = pagate per 6 notti<\/li>\n<li>soggiornate per 14 notti = pagate per 12 notti<\/li>\n<\/ul>\n<p>[\/et_pb_accordion_item][et_pb_accordion_item title=&#8221;Transporto degli ospiti&#8221; _builder_version=&#8221;4.25.1&#8243; _module_preset=&#8221;default&#8221; custom_margin=&#8221;||0px||false|false&#8221; border_width_all=&#8221;0px&#8221; global_colors_info=&#8221;{}&#8221; open=&#8221;off&#8221;]<\/p>\n<ul>\n<li>Per tutti gli ospiti del nostro hotel organizziamo il trasporto dall\u2019aeroporto di Veglia (Krk) fino alla struttura e indietro al prezzo di <strong>135,00 euro a persona<\/strong>, e dall\u2019aeroporto di Pola (Pula) fino alla struttura e indietro al prezzo di <strong>165,00 euro a persona.<\/strong><\/li>\n<li>\u00c8 necessario pagare il costo del trasporto in anticipo. Siete pregati di prenotare il trasporto con un anticipo di almeno 14 giorni.<\/li>\n<\/ul>\n<p>[\/et_pb_accordion_item][\/et_pb_accordion][\/et_pb_column][\/et_pb_row][\/et_pb_section][et_pb_section fb_built=&#8221;1&#8243; admin_label=&#8221;Testimonials&#8221; module_class=&#8221;dh-valign-center-section&#8221; _builder_version=&#8221;4.16&#8243; background_color=&#8221;gcid-e6875137-6713-40b1-bac3-796bb549abc2&#8243; background_image=&#8221;https:\/\/www.hotel-kimen.com\/wp-content\/uploads\/2021\/12\/Hotel-Kimen-Obiteljski-hotel-na-otoku-Cres.jpeg&#8221; background_position=&#8221;top_center&#8221; background_blend=&#8221;multiply&#8221; module_alignment=&#8221;center&#8221; min_height=&#8221;800px&#8221; min_height_tablet=&#8221;&#8221; min_height_phone=&#8221;&#8221; min_height_last_edited=&#8221;on|phone&#8221; height=&#8221;800px&#8221; height_tablet=&#8221;&#8221; height_phone=&#8221;&#8221; height_last_edited=&#8221;on|phone&#8221; max_height_tablet=&#8221;&#8221; max_height_phone=&#8221;&#8221; max_height_last_edited=&#8221;on|phone&#8221; module_alignment_tablet=&#8221;&#8221; module_alignment_phone=&#8221;&#8221; module_alignment_last_edited=&#8221;on|phone&#8221; border_width_right=&#8221;50px&#8221; border_color_right=&#8221;#f6f6f3&#8243; border_width_left=&#8221;50px&#8221; border_color_left=&#8221;#f6f6f3&#8243; border_width_all_tablet=&#8221;&#8221; border_width_all_phone=&#8221;0px&#8221; border_width_all_last_edited=&#8221;on|phone&#8221; border_style_all_tablet=&#8221;&#8221; border_style_all_phone=&#8221;none&#8221; border_style_all_last_edited=&#8221;on|phone&#8221; collapsed=&#8221;on&#8221; global_colors_info=&#8221;{%22gcid-aca0a9c5-d58d-42ee-9040-96d8b9e6c28a%22:%91%93,%22gcid-458a16e2-60bf-4338-bc12-30dfbcdd18cb%22:%91%93,%22gcid-a3dc81ea-a6a3-4dc1-a130-3a8db51042df%22:%91%22background_color%22%93}&#8221;][et_pb_row make_equal=&#8221;on&#8221; custom_padding_last_edited=&#8221;on|desktop&#8221; admin_label=&#8221;Recensioni&#8221; module_class=&#8221;dh-valign-center-section&#8221; _builder_version=&#8221;4.16&#8243; background_size=&#8221;initial&#8221; background_position=&#8221;top_left&#8221; background_repeat=&#8221;repeat&#8221; width_tablet=&#8221;&#8221; width_phone=&#8221;100%&#8221; width_last_edited=&#8221;on|phone&#8221; custom_padding_tablet=&#8221;&#8221; custom_padding_phone=&#8221;0px|||&#8221; use_custom_width=&#8221;on&#8221; custom_width_px=&#8221;800px&#8221; global_colors_info=&#8221;{}&#8221;][et_pb_column type=&#8221;4_4&#8243; _builder_version=&#8221;4.16&#8243; background_position=&#8221;top_left&#8221; custom_padding=&#8221;20px||0px|&#8221; global_colors_info=&#8221;{}&#8221; custom_padding__hover=&#8221;|||&#8221;][et_pb_text content_tablet=&#8221;<\/p>\n<h2>Recensioni<\/h2>\n<h5>Chi siamo \u2013 dal punto di vista dei nostri ospiti<\/h5>\n<p>&#8221; content_phone=&#8221;<\/p>\n<h2>Recensioni<\/h2>\n<h5>Chi siamo \u2013 dal punto di vista dei nostri ospiti<\/h5>\n<p>&#8221; content_last_edited=&#8221;on|phone&#8221; _builder_version=&#8221;4.16&#8243; _module_preset=&#8221;default&#8221; text_text_color=&#8221;gcid-b6f7632e-fc41-4e9f-8a39-dd70ac64f6c2&#8243; header_2_font=&#8221;|300|||||||&#8221; header_2_text_align=&#8221;center&#8221; header_2_text_color=&#8221;gcid-4abf9d1a-e699-4c6f-83f2-4facf985ad72&#8243; header_2_font_size=&#8221;49px&#8221; header_5_font=&#8221;|300|||||||&#8221; header_5_text_color=&#8221;gcid-4abf9d1a-e699-4c6f-83f2-4facf985ad72&#8243; header_5_font_size=&#8221;25px&#8221; text_orientation=&#8221;center&#8221; header_2_font_size_tablet=&#8221;&#8221; header_2_font_size_phone=&#8221;&#8221; header_2_font_size_last_edited=&#8221;on|phone&#8221; global_colors_info=&#8221;{%22gcid-b6f7632e-fc41-4e9f-8a39-dd70ac64f6c2%22:%91%22text_text_color%22%93,%22gcid-4abf9d1a-e699-4c6f-83f2-4facf985ad72%22:%91%22header_2_text_color%22,%22header_5_text_color%22%93}&#8221;]<\/p>\n<h2>Recensioni<\/h2>\n<h5>Chi siamo \u2013 dal punto di vista dei nostri ospiti<\/h5>\n<p>[\/et_pb_text][et_pb_slider show_pagination=&#8221;off&#8221; module_class=&#8221;testimonial_slider&#8221; _builder_version=&#8221;4.16&#8243; body_font=&#8221;||||||||&#8221; body_letter_spacing=&#8221;0.05em&#8221; custom_margin_tablet=&#8221;&#8221; custom_margin_phone=&#8221;&#8221; custom_margin_last_edited=&#8221;on|phone&#8221; custom_padding=&#8221;50px|0px|50px|0px&#8221; custom_padding_tablet=&#8221;|||&#8221; custom_padding_phone=&#8221;25px|0px|25px|0px|false|false&#8221; custom_padding_last_edited=&#8221;on|phone&#8221; auto=&#8221;on&#8221; auto_speed=&#8221;3000&#8243; body_font_size_tablet=&#8221;&#8221; body_font_size_phone=&#8221;16px&#8221; body_font_size_last_edited=&#8221;on|phone&#8221; body_line_height_tablet=&#8221;&#8221; body_line_height_phone=&#8221;1.4em&#8221; body_line_height_last_edited=&#8221;on|phone&#8221; custom_css_slide_controllers=&#8221;bottom: 0;&#8221; top_padding=&#8221;50px&#8221; bottom_padding=&#8221;50px&#8221; top_padding_tablet=&#8221;&#8221; bottom_padding_tablet=&#8221;&#8221; top_padding_phone=&#8221;25px&#8221; bottom_padding_phone=&#8221;25px&#8221; top_padding_last_edited=&#8221;on|phone&#8221; bottom_padding_last_edited=&#8221;on|phone&#8221; remove_inner_shadow=&#8221;on&#8221; show_inner_shadow=&#8221;off&#8221; global_colors_info=&#8221;{}&#8221; button_text_size__hover_enabled=&#8221;off&#8221; button_one_text_size__hover_enabled=&#8221;off&#8221; button_two_text_size__hover_enabled=&#8221;off&#8221; button_text_color__hover_enabled=&#8221;off&#8221; button_one_text_color__hover_enabled=&#8221;off&#8221; button_two_text_color__hover_enabled=&#8221;off&#8221; button_border_width__hover_enabled=&#8221;off&#8221; button_one_border_width__hover_enabled=&#8221;off&#8221; button_two_border_width__hover_enabled=&#8221;off&#8221; button_border_color__hover_enabled=&#8221;off&#8221; button_one_border_color__hover_enabled=&#8221;off&#8221; button_two_border_color__hover_enabled=&#8221;off&#8221; button_border_radius__hover_enabled=&#8221;off&#8221; button_one_border_radius__hover_enabled=&#8221;off&#8221; button_two_border_radius__hover_enabled=&#8221;off&#8221; button_letter_spacing__hover_enabled=&#8221;off&#8221; button_one_letter_spacing__hover_enabled=&#8221;off&#8221; button_two_letter_spacing__hover_enabled=&#8221;off&#8221; button_bg_color__hover_enabled=&#8221;off&#8221; button_one_bg_color__hover_enabled=&#8221;off&#8221; button_two_bg_color__hover_enabled=&#8221;off&#8221;][et_pb_slide use_bg_overlay=&#8221;off&#8221; use_text_overlay=&#8221;off&#8221; admin_title=&#8221;Review 1&#8243; content_tablet=&#8221;&#8221; content_phone=&#8221;&#8221; content_last_edited=&#8221;on|desktop&#8221; _builder_version=&#8221;4.16&#8243; header_level=&#8221;h3&#8243; header_font=&#8221;||||||||&#8221; header_font_size=&#8221;32px&#8221; body_font=&#8221;||||||||&#8221; body_text_color=&#8221;#ffffff&#8221; background_color=&#8221;rgba(255,255,255,0)&#8221; background_repeat=&#8221;repeat&#8221; button_icon_placement=&#8221;right&#8221; button_on_hover=&#8221;on&#8221; width=&#8221;%22142%22&#8243; header_font_size_tablet=&#8221;30&#8243; header_font_size_phone=&#8221;30&#8243; body_font_size_tablet=&#8221;24&#8243; body_font_size_phone=&#8221;24&#8243; global_colors_info=&#8221;{}&#8221; button_text_size__hover_enabled=&#8221;off&#8221; button_one_text_size__hover_enabled=&#8221;off&#8221; button_two_text_size__hover_enabled=&#8221;off&#8221; button_text_color__hover_enabled=&#8221;off&#8221; button_one_text_color__hover_enabled=&#8221;off&#8221; button_two_text_color__hover_enabled=&#8221;off&#8221; button_border_width__hover_enabled=&#8221;off&#8221; button_one_border_width__hover_enabled=&#8221;off&#8221; button_two_border_width__hover_enabled=&#8221;off&#8221; button_border_color__hover_enabled=&#8221;off&#8221; button_one_border_color__hover_enabled=&#8221;off&#8221; button_two_border_color__hover_enabled=&#8221;off&#8221; button_border_radius__hover_enabled=&#8221;off&#8221; button_one_border_radius__hover_enabled=&#8221;off&#8221; button_two_border_radius__hover_enabled=&#8221;off&#8221; button_letter_spacing__hover_enabled=&#8221;off&#8221; button_one_letter_spacing__hover_enabled=&#8221;off&#8221; button_two_letter_spacing__hover_enabled=&#8221;off&#8221; button_bg_color__hover_enabled=&#8221;off&#8221; button_one_bg_color__hover_enabled=&#8221;off&#8221; button_two_bg_color__hover_enabled=&#8221;off&#8221; sticky_transition=&#8221;on&#8221;]<img loading=\"lazy\" decoding=\"async\" class=\"wp-image-6983 aligncenter size-full\" src=\"https:\/\/www.hotel-kimen.com\/wp-content\/uploads\/2021\/04\/Testimonial-stars.png\" alt=\"\" width=\"142\" height=\"25\" \/><\/p>\n<p style=\"text-align: center;\"><i class=\"fa fa-quote-left\" aria-hidden=\"true\"><\/i>Colazione ottima con grande servizio e tutti molto disponibili<br \/>\nIn periodo di covid inoltre organizzatissimi con plexiglas e buffet trasformato in modo da rispettare le norme<br \/>\n<i class=\"fa fa-quote-right\" aria-hidden=\"true\"><\/i><\/p>\n<p style=\"text-align: center;\"><span class=\"author_name\"><em> Paolo<br \/>\n<\/em><\/span>Italia<\/p>\n<p>[\/et_pb_slide][et_pb_slide use_bg_overlay=&#8221;off&#8221; use_text_overlay=&#8221;off&#8221; admin_title=&#8221;Review 2&#8243; content_tablet=&#8221;&#8221; content_phone=&#8221;&#8221; content_last_edited=&#8221;on|phone&#8221; _builder_version=&#8221;4.16&#8243; header_level=&#8221;h3&#8243; header_font=&#8221;||||||||&#8221; header_font_size=&#8221;32px&#8221; body_font=&#8221;||||||||&#8221; body_text_color=&#8221;#ffffff&#8221; background_color=&#8221;rgba(255,255,255,0)&#8221; background_repeat=&#8221;repeat&#8221; button_icon_placement=&#8221;right&#8221; button_on_hover=&#8221;on&#8221; width=&#8221;%22142%22&#8243; header_font_size_tablet=&#8221;30&#8243; header_font_size_phone=&#8221;30&#8243; body_font_size_tablet=&#8221;24&#8243; body_font_size_phone=&#8221;24&#8243; global_colors_info=&#8221;{}&#8221; button_text_size__hover_enabled=&#8221;off&#8221; button_one_text_size__hover_enabled=&#8221;off&#8221; button_two_text_size__hover_enabled=&#8221;off&#8221; button_text_color__hover_enabled=&#8221;off&#8221; button_one_text_color__hover_enabled=&#8221;off&#8221; button_two_text_color__hover_enabled=&#8221;off&#8221; button_border_width__hover_enabled=&#8221;off&#8221; button_one_border_width__hover_enabled=&#8221;off&#8221; button_two_border_width__hover_enabled=&#8221;off&#8221; button_border_color__hover_enabled=&#8221;off&#8221; button_one_border_color__hover_enabled=&#8221;off&#8221; button_two_border_color__hover_enabled=&#8221;off&#8221; button_border_radius__hover_enabled=&#8221;off&#8221; button_one_border_radius__hover_enabled=&#8221;off&#8221; button_two_border_radius__hover_enabled=&#8221;off&#8221; button_letter_spacing__hover_enabled=&#8221;off&#8221; button_one_letter_spacing__hover_enabled=&#8221;off&#8221; button_two_letter_spacing__hover_enabled=&#8221;off&#8221; button_bg_color__hover_enabled=&#8221;off&#8221; button_one_bg_color__hover_enabled=&#8221;off&#8221; button_two_bg_color__hover_enabled=&#8221;off&#8221; sticky_transition=&#8221;on&#8221;]<img loading=\"lazy\" decoding=\"async\" class=\"wp-image-6983 aligncenter size-full\" src=\"https:\/\/www.hotel-kimen.com\/wp-content\/uploads\/2021\/04\/Testimonial-stars.png\" alt=\"\" width=\"142\" height=\"25\" \/><\/p>\n<p style=\"text-align: center;\">La posizione \u00e8 ottima, c&#8217;\u00e8 una piccola comoda spiaggia davanti all&#8217;hotel e un giardino di pini e ulivi se si preferisce stare all&#8217;ombra. C&#8217;\u00e8 una bellissima passeggiata sul mare che porta fino a Cherso paese in 10 min. La colazione \u00e8 ottima e molto varia, la pulizia \u00e8 senza difetti e il personale \u00e8 estremamente cortese e parla italiano tra le altre lingue.<br \/>\n<i class=\"fa fa-quote-right\" aria-hidden=\"true\"><\/i><\/p>\n<p style=\"text-align: center;\"><span class=\"author_name\"><em>Moira<br \/>\n<\/em><\/span>Italia<\/p>\n<p>[\/et_pb_slide][et_pb_slide use_bg_overlay=&#8221;off&#8221; use_text_overlay=&#8221;off&#8221; admin_title=&#8221;Review 3&#8243; content_tablet=&#8221;&#8221; content_phone=&#8221;&#8221; content_last_edited=&#8221;on|desktop&#8221; _builder_version=&#8221;4.16&#8243; header_level=&#8221;h3&#8243; header_font=&#8221;||||||||&#8221; header_font_size=&#8221;32px&#8221; body_font=&#8221;||||||||&#8221; body_text_color=&#8221;#ffffff&#8221; background_color=&#8221;rgba(255,255,255,0)&#8221; background_repeat=&#8221;repeat&#8221; button_icon_placement=&#8221;right&#8221; button_on_hover=&#8221;on&#8221; width=&#8221;%22142%22&#8243; header_font_size_tablet=&#8221;30&#8243; header_font_size_phone=&#8221;30&#8243; body_font_size_tablet=&#8221;24&#8243; body_font_size_phone=&#8221;24&#8243; global_colors_info=&#8221;{}&#8221; button_text_size__hover_enabled=&#8221;off&#8221; button_one_text_size__hover_enabled=&#8221;off&#8221; button_two_text_size__hover_enabled=&#8221;off&#8221; button_text_color__hover_enabled=&#8221;off&#8221; button_one_text_color__hover_enabled=&#8221;off&#8221; button_two_text_color__hover_enabled=&#8221;off&#8221; button_border_width__hover_enabled=&#8221;off&#8221; button_one_border_width__hover_enabled=&#8221;off&#8221; button_two_border_width__hover_enabled=&#8221;off&#8221; button_border_color__hover_enabled=&#8221;off&#8221; button_one_border_color__hover_enabled=&#8221;off&#8221; button_two_border_color__hover_enabled=&#8221;off&#8221; button_border_radius__hover_enabled=&#8221;off&#8221; button_one_border_radius__hover_enabled=&#8221;off&#8221; button_two_border_radius__hover_enabled=&#8221;off&#8221; button_letter_spacing__hover_enabled=&#8221;off&#8221; button_one_letter_spacing__hover_enabled=&#8221;off&#8221; button_two_letter_spacing__hover_enabled=&#8221;off&#8221; button_bg_color__hover_enabled=&#8221;off&#8221; button_one_bg_color__hover_enabled=&#8221;off&#8221; button_two_bg_color__hover_enabled=&#8221;off&#8221; sticky_transition=&#8221;on&#8221;]<img loading=\"lazy\" decoding=\"async\" class=\"wp-image-6983 aligncenter size-full\" src=\"https:\/\/www.hotel-kimen.com\/wp-content\/uploads\/2021\/04\/Testimonial-stars.png\" alt=\"\" width=\"142\" height=\"25\" \/><\/p>\n<p style=\"text-align: center;\"><i class=\"fa fa-quote-left\" aria-hidden=\"true\"><\/i>Stanza molto ampia e isolata acusticamente. Posizione tranquilla fuori dal caos e fronte mare. Citt\u00e0 di Cres raggiungibile a piedi dal lungomare in 10 minuti. Colazione super abbondante e ottima! Cena buona e abbondante. Parco attorno all\u2019albergo molto curato. Tutto il personale parla italiano. Albergo PET FRIENDLY, all\u2019arrivo consegnano anche asciugamano e copertina per il cane.<br \/>\n<i class=\"fa fa-quote-right\" aria-hidden=\"true\"><\/i><\/p>\n<p style=\"text-align: center;\"><span class=\"author_name\"><em>Caludia<br \/>\n<\/em><\/span><span class=\"author_position\">Italia<\/span><\/p>\n<p>[\/et_pb_slide][\/et_pb_slider][\/et_pb_column][\/et_pb_row][\/et_pb_section][et_pb_section fb_built=&#8221;1&#8243; custom_padding_last_edited=&#8221;on|phone&#8221; admin_label=&#8221;Preuzimanje bro\u0161ure&#8221; module_class=&#8221;dh-valign-center-section&#8221; _builder_version=&#8221;4.16&#8243; background_color=&#8221;RGBA(0,0,0,0)&#8221; background_image=&#8221;https:\/\/www.hotel-kimen.com\/wp-content\/uploads\/2021\/03\/Preuzimanje-brosure-PDF-Hotel-Kimen-Cres.jpg&#8221; background_size=&#8221;contain&#8221; background_position=&#8221;center_right&#8221; background_blend=&#8221;multiply&#8221; min_height=&#8221;800px&#8221; custom_padding_tablet=&#8221;&#8221; custom_padding_phone=&#8221;&#8221; background_last_edited=&#8221;on|phone&#8221; background_enable_image_phone=&#8221;off&#8221; collapsed=&#8221;on&#8221; global_colors_info=&#8221;{%22gcid-b6f7632e-fc41-4e9f-8a39-dd70ac64f6c2%22:%91%93}&#8221;][et_pb_row column_structure=&#8221;2_5,3_5&#8243; custom_padding_last_edited=&#8221;on|phone&#8221; _builder_version=&#8221;4.16&#8243; background_size=&#8221;initial&#8221; background_position=&#8221;top_left&#8221; background_repeat=&#8221;repeat&#8221; custom_padding_tablet=&#8221;&#8221; custom_padding_phone=&#8221;||0px||false|false&#8221; global_colors_info=&#8221;{}&#8221;][et_pb_column type=&#8221;2_5&#8243; _builder_version=&#8221;4.16&#8243; _module_preset=&#8221;default&#8221; global_colors_info=&#8221;{}&#8221;][et_pb_text content_tablet=&#8221;<\/p>\n<h2>Tutto sull\u2019Hotel Kimen \u2013 in un unico luogo.<\/h2>\n<h5>Caricate la brochure digitale, sfogliate la nostra offerta e lasciate che le nostre fotografie vi svelino almeno una parte dell\u2019atmosfera isolana.<\/h5>\n<p>&#8221; content_phone=&#8221;<\/p>\n<h2>Tutto sull\u2019Hotel Kimen \u2013 in un unico luogo.<\/h2>\n<h5>Caricate la brochure digitale, sfogliate la nostra offerta e lasciate che le nostre fotografie vi svelino almeno una parte dell\u2019atmosfera isolana.<\/h5>\n<p>&#8221; content_last_edited=&#8221;on|phone&#8221; _builder_version=&#8221;4.16&#8243; _module_preset=&#8221;default&#8221; text_letter_spacing=&#8221;0.03em&#8221; header_2_font=&#8221;|300|||||||&#8221; header_2_font_size=&#8221;49px&#8221; header_5_font=&#8221;|300|||||||&#8221; header_5_font_size=&#8221;25px&#8221; header_5_letter_spacing=&#8221;0.05em&#8221; header_5_line_height=&#8221;1.5em&#8221; global_colors_info=&#8221;{}&#8221;]<\/p>\n<h2>Tutto sull\u2019Hotel Kimen \u2013 in un unico luogo.<\/h2>\n<h5>Caricate la brochure digitale, sfogliate la nostra offerta e lasciate che le nostre fotografie vi svelino almeno una parte dell\u2019atmosfera isolana.<\/h5>\n<p>[\/et_pb_text][et_pb_image src=&#8221;https:\/\/www.hotel-kimen.com\/wp-content\/uploads\/2021\/08\/Brosura-Hotel-Kimen-Cres.png&#8221; title_text=&#8221;Brochure -Hotel Kimen, Cres&#8221; disabled_on=&#8221;off|on|on&#8221; _builder_version=&#8221;4.16&#8243; _module_preset=&#8221;default&#8221; global_colors_info=&#8221;{}&#8221;][\/et_pb_image][dsm_button button_one_text=&#8221;SCARICA LA BROCHURE&#8221; button_one_url_type=&#8221;download&#8221; button_one_download_file=&#8221;https:\/\/www.hotel-kimen.com\/wp-content\/uploads\/2021\/12\/Hotel-Kimen.pdf&#8221; _builder_version=&#8221;4.16&#8243; _module_preset=&#8221;default&#8221; custom_button_one=&#8221;on&#8221; button_one_font=&#8221;|||on|||||&#8221; button_one_icon=&#8221;%%266%%&#8221; button_one_icon_placement=&#8221;left&#8221; button_one_on_hover=&#8221;off&#8221; custom_margin=&#8221;||10px||false|false&#8221; global_colors_info=&#8221;{}&#8221;][\/dsm_button][et_pb_text _builder_version=&#8221;4.16&#8243; _module_preset=&#8221;default&#8221; text_font_size=&#8221;0.8em&#8221; global_colors_info=&#8221;{}&#8221;]PDF | 8.1 MB<br \/>\n[\/et_pb_text][\/et_pb_column][et_pb_column type=&#8221;3_5&#8243; _builder_version=&#8221;4.16&#8243; _module_preset=&#8221;default&#8221; global_colors_info=&#8221;{}&#8221;][\/et_pb_column][\/et_pb_row][\/et_pb_section][et_pb_section fb_built=&#8221;1&#8243; admin_label=&#8221;Newsletter pretplata&#8221; _builder_version=&#8221;4.23&#8243; background_enable_color=&#8221;off&#8221; background_video_mp4=&#8221;https:\/\/www.hotel-kimen.com\/wp-content\/uploads\/2021\/03\/MORE-NL-BGD-COMP.mp4&#8243; min_height=&#8221;800px&#8221; min_height_tablet=&#8221;&#8221; min_height_phone=&#8221;&#8221; min_height_last_edited=&#8221;on|phone&#8221; custom_margin=&#8221;50px|50px|50px|50px|true|true&#8221; border_color_all=&#8221;gcid-4abf9d1a-e699-4c6f-83f2-4facf985ad72&#8243; border_width_all_tablet=&#8221;&#8221; border_width_all_phone=&#8221;0px&#8221; border_width_all_last_edited=&#8221;on|phone&#8221; collapsed=&#8221;on&#8221; global_colors_info=&#8221;{%22gcid-b6f7632e-fc41-4e9f-8a39-dd70ac64f6c2%22:%91%22background_color%22,%22border_color_all%22%93}&#8221;][et_pb_row admin_label=&#8221;Header&#8221; _builder_version=&#8221;4.16&#8243; background_size=&#8221;initial&#8221; background_position=&#8221;top_left&#8221; background_repeat=&#8221;repeat&#8221; width_tablet=&#8221;&#8221; width_phone=&#8221;90%&#8221; width_last_edited=&#8221;on|phone&#8221; global_colors_info=&#8221;{}&#8221;][et_pb_column type=&#8221;4_4&#8243; admin_label=&#8221;Nadnaslov + Naslov&#8221; _builder_version=&#8221;4.16&#8243; _module_preset=&#8221;default&#8221; global_colors_info=&#8221;{}&#8221;][et_pb_text _builder_version=&#8221;4.16&#8243; _module_preset=&#8221;default&#8221; header_2_font=&#8221;|300|||||||&#8221; header_2_text_align=&#8221;center&#8221; header_2_font_size=&#8221;3em&#8221; text_orientation=&#8221;center&#8221; custom_margin=&#8221;0px||0px||true|false&#8221; global_colors_info=&#8221;{}&#8221;]<mark>Newsletter<\/mark><br \/>\n[\/et_pb_text][et_pb_text content_tablet=&#8221;<\/p>\n<h2>Che cosa c\u2019\u00e8 di nuovo nella nostra offerta?<\/h2>\n<p>&#8221; content_phone=&#8221;<\/p>\n<h2>Che cosa c\u2019\u00e8 di nuovo nella nostra offerta?<\/h2>\n<p>&#8221; content_last_edited=&#8221;on|desktop&#8221; _builder_version=&#8221;4.16&#8243; _module_preset=&#8221;default&#8221; header_2_font=&#8221;|300|||||||&#8221; header_2_text_align=&#8221;center&#8221; header_2_text_color=&#8221;gcid-4abf9d1a-e699-4c6f-83f2-4facf985ad72&#8243; header_2_font_size=&#8221;3em&#8221; custom_padding=&#8221;15px||||false|false&#8221; global_colors_info=&#8221;{%22gcid-4abf9d1a-e699-4c6f-83f2-4facf985ad72%22:%91%22header_2_text_color%22%93}&#8221;]<\/p>\n<h2>Che cosa c\u2019\u00e8 di nuovo nella nostra offerta?<\/h2>\n<p>[\/et_pb_text][\/et_pb_column][\/et_pb_row][et_pb_row column_structure=&#8221;3_5,2_5&#8243; make_equal=&#8221;on&#8221; custom_padding_last_edited=&#8221;on|phone&#8221; admin_label=&#8221;Body&#8221; _builder_version=&#8221;4.16&#8243; _module_preset=&#8221;default&#8221; background_color=&#8221;gcid-6ebe976b-e1f1-4abe-93ce-2322f5d93fcf&#8221; width=&#8221;60%&#8221; width_tablet=&#8221;&#8221; width_phone=&#8221;90%&#8221; width_last_edited=&#8221;on|phone&#8221; module_alignment=&#8221;center&#8221; custom_padding=&#8221;50px|50px|50px|50px|true|true&#8221; custom_padding_tablet=&#8221;&#8221; custom_padding_phone=&#8221;25px|25px|25px|25px|true|true&#8221; custom_css_main_element=&#8221;align-items: center;&#8221; box_shadow_style=&#8221;preset1&#8243; box_shadow_vertical=&#8221;0px&#8221; box_shadow_blur=&#8221;30px&#8221; global_colors_info=&#8221;{%22gcid-6ebe976b-e1f1-4abe-93ce-2322f5d93fcf%22:%91%22background_color%22%93}&#8221;][et_pb_column type=&#8221;3_5&#8243; admin_label=&#8221;Tekst&#8221; _builder_version=&#8221;4.16&#8243; _module_preset=&#8221;default&#8221; global_colors_info=&#8221;{}&#8221;][et_pb_text content_tablet=&#8221;La passione \u00e8 il carburante che ci sprona ad essere ogni giorno migliori. Osserviamo e seguiamo i vostri desideri e suggerimenti e lavoriamo continuamente all\u2019ampliamento della nostra offerta con l\u2019obiettivo di far diventare l\u2019Hotel Kimen la vostra casa lontano da casa. Iscrivetevi alla nostra newsletter per scoprire in anteprima tutto quello che sta succedendo sull\u2019isola di Cherso (Cres) nonch\u00e9 tutte le novit\u00e0 e i contenuti interessanti che abbiamo ideato per voi.&#8221; content_phone=&#8221;La passione \u00e8 il carburante che ci sprona ad essere ogni giorno migliori. Osserviamo e seguiamo i vostri desideri e suggerimenti e lavoriamo continuamente all\u2019ampliamento della nostra offerta con l\u2019obiettivo di far diventare l\u2019Hotel Kimen la vostra casa lontano da casa. Iscrivetevi alla nostra newsletter per scoprire in anteprima tutto quello che sta succedendo sull\u2019isola di Cherso (Cres) nonch\u00e9 tutte le novit\u00e0 e i contenuti interessanti che abbiamo ideato per voi.&#8221; content_last_edited=&#8221;on|phone&#8221; _builder_version=&#8221;4.23&#8243; _module_preset=&#8221;default&#8221; text_letter_spacing=&#8221;0.05em&#8221; text_line_height=&#8221;2em&#8221; global_colors_info=&#8221;{}&#8221;]La passione \u00e8 il carburante che ci sprona ad essere ogni giorno migliori.<\/p>\n<p>Osserviamo e seguiamo i vostri desideri e suggerimenti e lavoriamo continuamente all\u2019ampliamento della nostra offerta con l\u2019obiettivo di far diventare l\u2019Hotel Kimen la vostra casa lontano da casa.<\/p>\n<p>Iscrivetevi alla nostra newsletter per scoprire in anteprima tutto quello che sta succedendo sull\u2019isola di Cherso (Cres) nonch\u00e9 tutte le novit\u00e0 e i contenuti interessanti che abbiamo ideato per voi.<br \/>\n[\/et_pb_text][\/et_pb_column][et_pb_column type=&#8221;2_5&#8243; admin_label=&#8221;Kontakt Forma&#8221; _builder_version=&#8221;4.16&#8243; _module_preset=&#8221;default&#8221; global_colors_info=&#8221;{}&#8221;][dsm_contact_form_7 _builder_version=&#8221;4.23&#8243; _module_preset=&#8221;93e5ca5a-8bec-4707-ae6f-c83df91adb13&#8243; global_colors_info=&#8221;{%22gcid-4abf9d1a-e699-4c6f-83f2-4facf985ad72%22:%91%22button_one_text_color%22,%22button_one_text_color%22,%22button_one_text_color%22%93,%22gcid-9091004d-a998-4426-aa9b-cdea49f716dc%22:%91%22button_one_text_color__hover%22,%22button_one_bg_color%22,%22button_one_bg_color%22,%22button_one_text_color__hover%22%93,%22gcid-24f82578-c4f2-45d7-bc66-9cfac0f235fb%22:%91%22button_one_bg_color__hover%22,%22button_one_bg_color__hover%22%93,%22gcid-64851603-9990-49e4-a3f5-ced8a9192f73%22:%91%22input_textarea_select_text_color%22%93}&#8221;][\/dsm_contact_form_7][\/et_pb_column][\/et_pb_row][\/et_pb_section]<\/p>\n","protected":false},"excerpt":{"rendered":"<p>Hotel Kimen VIVETE LA CULTURA MILLENARIA DI CHERSO MENTRE VI GODETE TUTTI I VANTAGGI DELL\u2019ET\u00c0 MODERNA L\u2019offerta dell\u2019Hotel Kimen \u00e8 stata ispirata dalla gente, dalla storia, dalla terra e dai fondali dell\u2019isola di Cherso (Cres). Gli spazi comuni, cos\u00ec come le 128 camere dell\u2019Hotel Kimen, raccontano la storia delle tradizioni di quest\u2019isola pittoresca. Tutte le [&hellip;]<\/p>\n","protected":false},"author":1,"featured_media":0,"parent":0,"menu_order":0,"comment_status":"closed","ping_status":"closed","template":"","meta":{"_et_pb_use_builder":"on","_et_pb_old_content":"","_et_gb_content_width":"","footnotes":""},"class_list":["post-11409","page","type-page","status-publish","hentry"],"_links":{"self":[{"href":"https:\/\/www.hotel-kimen.com\/it\/wp-json\/wp\/v2\/pages\/11409","targetHints":{"allow":["GET"]}}],"collection":[{"href":"https:\/\/www.hotel-kimen.com\/it\/wp-json\/wp\/v2\/pages"}],"about":[{"href":"https:\/\/www.hotel-kimen.com\/it\/wp-json\/wp\/v2\/types\/page"}],"author":[{"embeddable":true,"href":"https:\/\/www.hotel-kimen.com\/it\/wp-json\/wp\/v2\/users\/1"}],"replies":[{"embeddable":true,"href":"https:\/\/www.hotel-kimen.com\/it\/wp-json\/wp\/v2\/comments?post=11409"}],"version-history":[{"count":0,"href":"https:\/\/www.hotel-kimen.com\/it\/wp-json\/wp\/v2\/pages\/11409\/revisions"}],"wp:attachment":[{"href":"https:\/\/www.hotel-kimen.com\/it\/wp-json\/wp\/v2\/media?parent=11409"}],"curies":[{"name":"wp","href":"https:\/\/api.w.org\/{rel}","templated":true}]}}